{"id":4826,"date":"2024-06-11T00:00:50","date_gmt":"2024-06-11T00:00:50","guid":{"rendered":"https:\/\/inclusivemap.ca\/event\/conference-sur-la-mobilite-inclusive-au-quebec-accessibilite-percue-et-ethnographie-narrative\/"},"modified":"2024-11-28T00:16:27","modified_gmt":"2024-11-28T00:16:27","slug":"conference-sur-la-mobilite-inclusive-au-quebec-accessibilite-percue-et-ethnographie-narrative","status":"publish","type":"event","link":"https:\/\/inclusivemap.ca\/fr\/event\/conference-sur-la-mobilite-inclusive-au-quebec-accessibilite-percue-et-ethnographie-narrative\/","title":{"rendered":"Conf\u00e9rence sur la mobilit\u00e9 inclusive au Qu\u00e9bec : accessibilit\u00e9 per\u00e7ue et ethnographie narrative"},"featured_media":4823,"template":"","meta":{"_acf_changed":false,"inline_featured_image":false},"class_list":["post-4826","event","type-event","status-publish","has-post-thumbnail","hentry","entry"],"acf":[],"yoast_head":"<!-- This site is optimized with the Yoast SEO plugin v26.9 - https:\/\/yoast.com\/product\/yoast-seo-wordpress\/ -->\n<title>Conf\u00e9rence sur la mobilit\u00e9 inclusive au Qu\u00e9bec : accessibilit\u00e9 per\u00e7ue et ethnographie narrative - Inclusivemap<\/title>\n<meta name=\"description\" content=\"Une ethnographie narrative des dilemmes et des strat\u00e9gies des participants concernant leurs exp\u00e9riences dans les transports publics de la ville de Qu\u00e9bec a \u00e9t\u00e9 pr\u00e9sent\u00e9e, ainsi que les facteurs qui donnent lieu \u00e0 l&#039;accessibilit\u00e9 per\u00e7ue, sa construction sociale et la pertinence de cette approche, non seulement dans les \u00e9tudes sur la mobilit\u00e9 des personnes vivant avec des incapacit\u00e9s, mais aussi dans les services de mobilit\u00e9 destin\u00e9s \u00e0 la population en g\u00e9n\u00e9ral.\" \/>\n<meta name=\"robots\" content=\"index, follow, max-snippet:-1, max-image-preview:large, max-video-preview:-1\" \/>\n<link rel=\"canonical\" href=\"https:\/\/inclusivemap.ca\/fr\/event\/conference-sur-la-mobilite-inclusive-au-quebec-accessibilite-percue-et-ethnographie-narrative\/\" \/>\n<meta property=\"og:locale\" content=\"fr_FR\" \/>\n<meta property=\"og:type\" content=\"article\" \/>\n<meta property=\"og:title\" content=\"Conf\u00e9rence sur la mobilit\u00e9 inclusive au Qu\u00e9bec : accessibilit\u00e9 per\u00e7ue et ethnographie narrative - Inclusivemap\" \/>\n<meta property=\"og:description\" content=\"Une ethnographie narrative des dilemmes et des strat\u00e9gies des participants concernant leurs exp\u00e9riences dans les transports publics de la ville de Qu\u00e9bec a \u00e9t\u00e9 pr\u00e9sent\u00e9e, ainsi que les facteurs qui donnent lieu \u00e0 l&#039;accessibilit\u00e9 per\u00e7ue, sa construction sociale et la pertinence de cette approche, non seulement dans les \u00e9tudes sur la mobilit\u00e9 des personnes vivant avec des incapacit\u00e9s, mais aussi dans les services de mobilit\u00e9 destin\u00e9s \u00e0 la population en g\u00e9n\u00e9ral.\" \/>\n<meta property=\"og:url\" content=\"https:\/\/inclusivemap.ca\/fr\/event\/conference-sur-la-mobilite-inclusive-au-quebec-accessibilite-percue-et-ethnographie-narrative\/\" \/>\n<meta property=\"og:site_name\" content=\"Inclusivemap\" \/>\n<meta property=\"article:modified_time\" content=\"2024-11-28T00:16:27+00:00\" \/>\n<meta property=\"og:image\" content=\"https:\/\/inclusivemap.ca\/wp-content\/uploads\/2024\/11\/Screenshot-2024-11-27-at-4.03.20\u202fPM.png\" \/>\n\t<meta property=\"og:image:width\" content=\"998\" \/>\n\t<meta property=\"og:image:height\" content=\"1458\" \/>\n\t<meta property=\"og:image:type\" content=\"image\/png\" \/>\n<meta name=\"twitter:card\" content=\"summary_large_image\" \/>\n<meta name=\"twitter:label1\" content=\"Dur\u00e9e de lecture estim\u00e9e\" \/>\n\t<meta name=\"twitter:data1\" content=\"1 minute\" \/>\n<script type=\"application\/ld+json\" class=\"yoast-schema-graph\">{\"@context\":\"https:\/\/schema.org\",\"@graph\":[{\"@type\":\"WebPage\",\"@id\":\"https:\/\/inclusivemap.ca\/fr\/event\/conference-sur-la-mobilite-inclusive-au-quebec-accessibilite-percue-et-ethnographie-narrative\/\",\"url\":\"https:\/\/inclusivemap.ca\/fr\/event\/conference-sur-la-mobilite-inclusive-au-quebec-accessibilite-percue-et-ethnographie-narrative\/\",\"name\":\"Conf\u00e9rence sur la mobilit\u00e9 inclusive au Qu\u00e9bec : accessibilit\u00e9 per\u00e7ue et ethnographie narrative - Inclusivemap\",\"isPartOf\":{\"@id\":\"https:\/\/inclusivemap.ca\/fr\/#website\"},\"primaryImageOfPage\":{\"@id\":\"https:\/\/inclusivemap.ca\/fr\/event\/conference-sur-la-mobilite-inclusive-au-quebec-accessibilite-percue-et-ethnographie-narrative\/#primaryimage\"},\"image\":{\"@id\":\"https:\/\/inclusivemap.ca\/fr\/event\/conference-sur-la-mobilite-inclusive-au-quebec-accessibilite-percue-et-ethnographie-narrative\/#primaryimage\"},\"thumbnailUrl\":\"https:\/\/inclusivemap.ca\/wp-content\/uploads\/2024\/11\/Screenshot-2024-11-27-at-4.03.20\u202fPM.png\",\"datePublished\":\"2024-06-11T00:00:50+00:00\",\"dateModified\":\"2024-11-28T00:16:27+00:00\",\"description\":\"Une ethnographie narrative des dilemmes et des strat\u00e9gies des participants concernant leurs exp\u00e9riences dans les transports publics de la ville de Qu\u00e9bec a \u00e9t\u00e9 pr\u00e9sent\u00e9e, ainsi que les facteurs qui donnent lieu \u00e0 l'accessibilit\u00e9 per\u00e7ue, sa construction sociale et la pertinence de cette approche, non seulement dans les \u00e9tudes sur la mobilit\u00e9 des personnes vivant avec des incapacit\u00e9s, mais aussi dans les services de mobilit\u00e9 destin\u00e9s \u00e0 la population en g\u00e9n\u00e9ral.\",\"breadcrumb\":{\"@id\":\"https:\/\/inclusivemap.ca\/fr\/event\/conference-sur-la-mobilite-inclusive-au-quebec-accessibilite-percue-et-ethnographie-narrative\/#breadcrumb\"},\"inLanguage\":\"fr-FR\",\"potentialAction\":[{\"@type\":\"ReadAction\",\"target\":[\"https:\/\/inclusivemap.ca\/fr\/event\/conference-sur-la-mobilite-inclusive-au-quebec-accessibilite-percue-et-ethnographie-narrative\/\"]}]},{\"@type\":\"ImageObject\",\"inLanguage\":\"fr-FR\",\"@id\":\"https:\/\/inclusivemap.ca\/fr\/event\/conference-sur-la-mobilite-inclusive-au-quebec-accessibilite-percue-et-ethnographie-narrative\/#primaryimage\",\"url\":\"https:\/\/inclusivemap.ca\/wp-content\/uploads\/2024\/11\/Screenshot-2024-11-27-at-4.03.20\u202fPM.png\",\"contentUrl\":\"https:\/\/inclusivemap.ca\/wp-content\/uploads\/2024\/11\/Screenshot-2024-11-27-at-4.03.20\u202fPM.png\",\"width\":998,\"height\":1458},{\"@type\":\"BreadcrumbList\",\"@id\":\"https:\/\/inclusivemap.ca\/fr\/event\/conference-sur-la-mobilite-inclusive-au-quebec-accessibilite-percue-et-ethnographie-narrative\/#breadcrumb\",\"itemListElement\":[{\"@type\":\"ListItem\",\"position\":1,\"name\":\"Home\",\"item\":\"https:\/\/inclusivemap.ca\/fr\/\"},{\"@type\":\"ListItem\",\"position\":2,\"name\":\"\u00c9v\u00e9nements\",\"item\":\"https:\/\/inclusivemap.ca\/fr\/event\/\"},{\"@type\":\"ListItem\",\"position\":3,\"name\":\"Conf\u00e9rence sur la mobilit\u00e9 inclusive au Qu\u00e9bec : accessibilit\u00e9 per\u00e7ue et ethnographie narrative\"}]},{\"@type\":\"WebSite\",\"@id\":\"https:\/\/inclusivemap.ca\/fr\/#website\",\"url\":\"https:\/\/inclusivemap.ca\/fr\/\",\"name\":\"Inclusivemap\",\"description\":\"MAP \u2013 Mobility | Access | Participation\",\"publisher\":{\"@id\":\"https:\/\/inclusivemap.ca\/fr\/#organization\"},\"potentialAction\":[{\"@type\":\"SearchAction\",\"target\":{\"@type\":\"EntryPoint\",\"urlTemplate\":\"https:\/\/inclusivemap.ca\/fr\/?s={search_term_string}\"},\"query-input\":{\"@type\":\"PropertyValueSpecification\",\"valueRequired\":true,\"valueName\":\"search_term_string\"}}],\"inLanguage\":\"fr-FR\"},{\"@type\":\"Organization\",\"@id\":\"https:\/\/inclusivemap.ca\/fr\/#organization\",\"name\":\"Inclusivemap\",\"url\":\"https:\/\/inclusivemap.ca\/fr\/\",\"logo\":{\"@type\":\"ImageObject\",\"inLanguage\":\"fr-FR\",\"@id\":\"https:\/\/inclusivemap.ca\/fr\/#\/schema\/logo\/image\/\",\"url\":\"https:\/\/inclusivemap.ca\/wp-content\/uploads\/2022\/07\/map_bigprint_lighterblue.png\",\"contentUrl\":\"https:\/\/inclusivemap.ca\/wp-content\/uploads\/2022\/07\/map_bigprint_lighterblue.png\",\"width\":8348,\"height\":4563,\"caption\":\"Inclusivemap\"},\"image\":{\"@id\":\"https:\/\/inclusivemap.ca\/fr\/#\/schema\/logo\/image\/\"}}]}<\/script>\n<!-- \/ Yoast SEO plugin. -->","yoast_head_json":{"title":"Conf\u00e9rence sur la mobilit\u00e9 inclusive au Qu\u00e9bec : accessibilit\u00e9 per\u00e7ue et ethnographie narrative - Inclusivemap","description":"Une ethnographie narrative des dilemmes et des strat\u00e9gies des participants concernant leurs exp\u00e9riences dans les transports publics de la ville de Qu\u00e9bec a \u00e9t\u00e9 pr\u00e9sent\u00e9e, ainsi que les facteurs qui donnent lieu \u00e0 l'accessibilit\u00e9 per\u00e7ue, sa construction sociale et la pertinence de cette approche, non seulement dans les \u00e9tudes sur la mobilit\u00e9 des personnes vivant avec des incapacit\u00e9s, mais aussi dans les services de mobilit\u00e9 destin\u00e9s \u00e0 la population en g\u00e9n\u00e9ral.","robots":{"index":"index","follow":"follow","max-snippet":"max-snippet:-1","max-image-preview":"max-image-preview:large","max-video-preview":"max-video-preview:-1"},"canonical":"https:\/\/inclusivemap.ca\/fr\/event\/conference-sur-la-mobilite-inclusive-au-quebec-accessibilite-percue-et-ethnographie-narrative\/","og_locale":"fr_FR","og_type":"article","og_title":"Conf\u00e9rence sur la mobilit\u00e9 inclusive au Qu\u00e9bec : accessibilit\u00e9 per\u00e7ue et ethnographie narrative - Inclusivemap","og_description":"Une ethnographie narrative des dilemmes et des strat\u00e9gies des participants concernant leurs exp\u00e9riences dans les transports publics de la ville de Qu\u00e9bec a \u00e9t\u00e9 pr\u00e9sent\u00e9e, ainsi que les facteurs qui donnent lieu \u00e0 l'accessibilit\u00e9 per\u00e7ue, sa construction sociale et la pertinence de cette approche, non seulement dans les \u00e9tudes sur la mobilit\u00e9 des personnes vivant avec des incapacit\u00e9s, mais aussi dans les services de mobilit\u00e9 destin\u00e9s \u00e0 la population en g\u00e9n\u00e9ral.","og_url":"https:\/\/inclusivemap.ca\/fr\/event\/conference-sur-la-mobilite-inclusive-au-quebec-accessibilite-percue-et-ethnographie-narrative\/","og_site_name":"Inclusivemap","article_modified_time":"2024-11-28T00:16:27+00:00","og_image":[{"width":998,"height":1458,"url":"https:\/\/inclusivemap.ca\/wp-content\/uploads\/2024\/11\/Screenshot-2024-11-27-at-4.03.20\u202fPM.png","type":"image\/png"}],"twitter_card":"summary_large_image","twitter_misc":{"Dur\u00e9e de lecture estim\u00e9e":"1 minute"},"schema":{"@context":"https:\/\/schema.org","@graph":[{"@type":"WebPage","@id":"https:\/\/inclusivemap.ca\/fr\/event\/conference-sur-la-mobilite-inclusive-au-quebec-accessibilite-percue-et-ethnographie-narrative\/","url":"https:\/\/inclusivemap.ca\/fr\/event\/conference-sur-la-mobilite-inclusive-au-quebec-accessibilite-percue-et-ethnographie-narrative\/","name":"Conf\u00e9rence sur la mobilit\u00e9 inclusive au Qu\u00e9bec : accessibilit\u00e9 per\u00e7ue et ethnographie narrative - Inclusivemap","isPartOf":{"@id":"https:\/\/inclusivemap.ca\/fr\/#website"},"primaryImageOfPage":{"@id":"https:\/\/inclusivemap.ca\/fr\/event\/conference-sur-la-mobilite-inclusive-au-quebec-accessibilite-percue-et-ethnographie-narrative\/#primaryimage"},"image":{"@id":"https:\/\/inclusivemap.ca\/fr\/event\/conference-sur-la-mobilite-inclusive-au-quebec-accessibilite-percue-et-ethnographie-narrative\/#primaryimage"},"thumbnailUrl":"https:\/\/inclusivemap.ca\/wp-content\/uploads\/2024\/11\/Screenshot-2024-11-27-at-4.03.20\u202fPM.png","datePublished":"2024-06-11T00:00:50+00:00","dateModified":"2024-11-28T00:16:27+00:00","description":"Une ethnographie narrative des dilemmes et des strat\u00e9gies des participants concernant leurs exp\u00e9riences dans les transports publics de la ville de Qu\u00e9bec a \u00e9t\u00e9 pr\u00e9sent\u00e9e, ainsi que les facteurs qui donnent lieu \u00e0 l'accessibilit\u00e9 per\u00e7ue, sa construction sociale et la pertinence de cette approche, non seulement dans les \u00e9tudes sur la mobilit\u00e9 des personnes vivant avec des incapacit\u00e9s, mais aussi dans les services de mobilit\u00e9 destin\u00e9s \u00e0 la population en g\u00e9n\u00e9ral.","breadcrumb":{"@id":"https:\/\/inclusivemap.ca\/fr\/event\/conference-sur-la-mobilite-inclusive-au-quebec-accessibilite-percue-et-ethnographie-narrative\/#breadcrumb"},"inLanguage":"fr-FR","potentialAction":[{"@type":"ReadAction","target":["https:\/\/inclusivemap.ca\/fr\/event\/conference-sur-la-mobilite-inclusive-au-quebec-accessibilite-percue-et-ethnographie-narrative\/"]}]},{"@type":"ImageObject","inLanguage":"fr-FR","@id":"https:\/\/inclusivemap.ca\/fr\/event\/conference-sur-la-mobilite-inclusive-au-quebec-accessibilite-percue-et-ethnographie-narrative\/#primaryimage","url":"https:\/\/inclusivemap.ca\/wp-content\/uploads\/2024\/11\/Screenshot-2024-11-27-at-4.03.20\u202fPM.png","contentUrl":"https:\/\/inclusivemap.ca\/wp-content\/uploads\/2024\/11\/Screenshot-2024-11-27-at-4.03.20\u202fPM.png","width":998,"height":1458},{"@type":"BreadcrumbList","@id":"https:\/\/inclusivemap.ca\/fr\/event\/conference-sur-la-mobilite-inclusive-au-quebec-accessibilite-percue-et-ethnographie-narrative\/#breadcrumb","itemListElement":[{"@type":"ListItem","position":1,"name":"Home","item":"https:\/\/inclusivemap.ca\/fr\/"},{"@type":"ListItem","position":2,"name":"\u00c9v\u00e9nements","item":"https:\/\/inclusivemap.ca\/fr\/event\/"},{"@type":"ListItem","position":3,"name":"Conf\u00e9rence sur la mobilit\u00e9 inclusive au Qu\u00e9bec : accessibilit\u00e9 per\u00e7ue et ethnographie narrative"}]},{"@type":"WebSite","@id":"https:\/\/inclusivemap.ca\/fr\/#website","url":"https:\/\/inclusivemap.ca\/fr\/","name":"Inclusivemap","description":"MAP \u2013 Mobility | Access | Participation","publisher":{"@id":"https:\/\/inclusivemap.ca\/fr\/#organization"},"potentialAction":[{"@type":"SearchAction","target":{"@type":"EntryPoint","urlTemplate":"https:\/\/inclusivemap.ca\/fr\/?s={search_term_string}"},"query-input":{"@type":"PropertyValueSpecification","valueRequired":true,"valueName":"search_term_string"}}],"inLanguage":"fr-FR"},{"@type":"Organization","@id":"https:\/\/inclusivemap.ca\/fr\/#organization","name":"Inclusivemap","url":"https:\/\/inclusivemap.ca\/fr\/","logo":{"@type":"ImageObject","inLanguage":"fr-FR","@id":"https:\/\/inclusivemap.ca\/fr\/#\/schema\/logo\/image\/","url":"https:\/\/inclusivemap.ca\/wp-content\/uploads\/2022\/07\/map_bigprint_lighterblue.png","contentUrl":"https:\/\/inclusivemap.ca\/wp-content\/uploads\/2022\/07\/map_bigprint_lighterblue.png","width":8348,"height":4563,"caption":"Inclusivemap"},"image":{"@id":"https:\/\/inclusivemap.ca\/fr\/#\/schema\/logo\/image\/"}}]}},"_links":{"self":[{"href":"https:\/\/inclusivemap.ca\/fr\/wp-json\/wp\/v2\/event\/4826","targetHints":{"allow":["GET"]}}],"collection":[{"href":"https:\/\/inclusivemap.ca\/fr\/wp-json\/wp\/v2\/event"}],"about":[{"href":"https:\/\/inclusivemap.ca\/fr\/wp-json\/wp\/v2\/types\/event"}],"version-history":[{"count":1,"href":"https:\/\/inclusivemap.ca\/fr\/wp-json\/wp\/v2\/event\/4826\/revisions"}],"predecessor-version":[{"id":4828,"href":"https:\/\/inclusivemap.ca\/fr\/wp-json\/wp\/v2\/event\/4826\/revisions\/4828"}],"wp:featuredmedia":[{"embeddable":true,"href":"https:\/\/inclusivemap.ca\/fr\/wp-json\/wp\/v2\/media\/4823"}],"wp:attachment":[{"href":"https:\/\/inclusivemap.ca\/fr\/wp-json\/wp\/v2\/media?parent=4826"}],"curies":[{"name":"wp","href":"https:\/\/api.w.org\/{rel}","templated":true}]}}