{"id":4832,"date":"2023-11-23T12:00:23","date_gmt":"2023-11-23T12:00:23","guid":{"rendered":"https:\/\/inclusivemap.ca\/event\/presentation-sur-la-mobilite-inclusive-a-lere-des-villes-intelligentes-le-role-de-lintelligence-et-des-donnees-geospatiales\/"},"modified":"2024-11-28T01:56:58","modified_gmt":"2024-11-28T01:56:58","slug":"presentation-sur-la-mobilite-inclusive-a-lere-des-villes-intelligentes-le-role-de-lintelligence-et-des-donnees-geospatiales","status":"publish","type":"event","link":"https:\/\/inclusivemap.ca\/fr\/event\/presentation-sur-la-mobilite-inclusive-a-lere-des-villes-intelligentes-le-role-de-lintelligence-et-des-donnees-geospatiales\/","title":{"rendered":"Pr\u00e9sentation sur la mobilit\u00e9 inclusive \u00e0 l&rsquo;\u00e8re des villes intelligentes : le r\u00f4le de l&rsquo;intelligence et des donn\u00e9es g\u00e9ospatiales"},"featured_media":2563,"template":"","meta":{"_acf_changed":false,"inline_featured_image":false},"class_list":["post-4832","event","type-event","status-publish","has-post-thumbnail","hentry","entry"],"acf":[],"yoast_head":"<!-- This site is optimized with the Yoast SEO plugin v26.9 - https:\/\/yoast.com\/product\/yoast-seo-wordpress\/ -->\n<title>Pr\u00e9sentation sur la mobilit\u00e9 inclusive \u00e0 l&#039;\u00e8re des villes intelligentes : le r\u00f4le de l&#039;intelligence et des donn\u00e9es g\u00e9ospatiales - Inclusivemap<\/title>\n<meta name=\"description\" content=\"Mir Mostafavi, chercheur au MAP, anime une pr\u00e9sentation intitul\u00e9e &quot;Mobilit\u00e9 inclusive \u00e0 l&#039;\u00e8re des villes intelligentes : le r\u00f4le de l&#039;intelligence et des donn\u00e9es g\u00e9ospatiales&quot;\" \/>\n<meta name=\"robots\" content=\"index, follow, max-snippet:-1, max-image-preview:large, max-video-preview:-1\" \/>\n<link rel=\"canonical\" href=\"https:\/\/inclusivemap.ca\/fr\/event\/presentation-sur-la-mobilite-inclusive-a-lere-des-villes-intelligentes-le-role-de-lintelligence-et-des-donnees-geospatiales\/\" \/>\n<meta property=\"og:locale\" content=\"fr_FR\" \/>\n<meta property=\"og:type\" content=\"article\" \/>\n<meta property=\"og:title\" content=\"Pr\u00e9sentation sur la mobilit\u00e9 inclusive \u00e0 l&#039;\u00e8re des villes intelligentes : le r\u00f4le de l&#039;intelligence et des donn\u00e9es g\u00e9ospatiales - Inclusivemap\" \/>\n<meta property=\"og:description\" content=\"Mir Mostafavi, chercheur au MAP, anime une pr\u00e9sentation intitul\u00e9e &quot;Mobilit\u00e9 inclusive \u00e0 l&#039;\u00e8re des villes intelligentes : le r\u00f4le de l&#039;intelligence et des donn\u00e9es g\u00e9ospatiales&quot;\" \/>\n<meta property=\"og:url\" content=\"https:\/\/inclusivemap.ca\/fr\/event\/presentation-sur-la-mobilite-inclusive-a-lere-des-villes-intelligentes-le-role-de-lintelligence-et-des-donnees-geospatiales\/\" \/>\n<meta property=\"og:site_name\" content=\"Inclusivemap\" \/>\n<meta property=\"article:modified_time\" content=\"2024-11-28T01:56:58+00:00\" \/>\n<meta property=\"og:image\" content=\"https:\/\/inclusivemap.ca\/wp-content\/uploads\/2023\/11\/Mir_Abolfazl_Mostafavi-240-288x300-1.png\" \/>\n\t<meta property=\"og:image:width\" content=\"288\" \/>\n\t<meta property=\"og:image:height\" content=\"300\" \/>\n\t<meta property=\"og:image:type\" content=\"image\/png\" \/>\n<meta name=\"twitter:card\" content=\"summary_large_image\" \/>\n<meta name=\"twitter:label1\" content=\"Dur\u00e9e de lecture estim\u00e9e\" \/>\n\t<meta name=\"twitter:data1\" content=\"1 minute\" \/>\n<script type=\"application\/ld+json\" class=\"yoast-schema-graph\">{\"@context\":\"https:\/\/schema.org\",\"@graph\":[{\"@type\":\"WebPage\",\"@id\":\"https:\/\/inclusivemap.ca\/fr\/event\/presentation-sur-la-mobilite-inclusive-a-lere-des-villes-intelligentes-le-role-de-lintelligence-et-des-donnees-geospatiales\/\",\"url\":\"https:\/\/inclusivemap.ca\/fr\/event\/presentation-sur-la-mobilite-inclusive-a-lere-des-villes-intelligentes-le-role-de-lintelligence-et-des-donnees-geospatiales\/\",\"name\":\"Pr\u00e9sentation sur la mobilit\u00e9 inclusive \u00e0 l'\u00e8re des villes intelligentes : le r\u00f4le de l'intelligence et des donn\u00e9es g\u00e9ospatiales - Inclusivemap\",\"isPartOf\":{\"@id\":\"https:\/\/inclusivemap.ca\/fr\/#website\"},\"primaryImageOfPage\":{\"@id\":\"https:\/\/inclusivemap.ca\/fr\/event\/presentation-sur-la-mobilite-inclusive-a-lere-des-villes-intelligentes-le-role-de-lintelligence-et-des-donnees-geospatiales\/#primaryimage\"},\"image\":{\"@id\":\"https:\/\/inclusivemap.ca\/fr\/event\/presentation-sur-la-mobilite-inclusive-a-lere-des-villes-intelligentes-le-role-de-lintelligence-et-des-donnees-geospatiales\/#primaryimage\"},\"thumbnailUrl\":\"https:\/\/inclusivemap.ca\/wp-content\/uploads\/2023\/11\/Mir_Abolfazl_Mostafavi-240-288x300-1.png\",\"datePublished\":\"2023-11-23T12:00:23+00:00\",\"dateModified\":\"2024-11-28T01:56:58+00:00\",\"description\":\"Mir Mostafavi, chercheur au MAP, anime une pr\u00e9sentation intitul\u00e9e \\\"Mobilit\u00e9 inclusive \u00e0 l'\u00e8re des villes intelligentes : le r\u00f4le de l'intelligence et des donn\u00e9es g\u00e9ospatiales\\\"\",\"breadcrumb\":{\"@id\":\"https:\/\/inclusivemap.ca\/fr\/event\/presentation-sur-la-mobilite-inclusive-a-lere-des-villes-intelligentes-le-role-de-lintelligence-et-des-donnees-geospatiales\/#breadcrumb\"},\"inLanguage\":\"fr-FR\",\"potentialAction\":[{\"@type\":\"ReadAction\",\"target\":[\"https:\/\/inclusivemap.ca\/fr\/event\/presentation-sur-la-mobilite-inclusive-a-lere-des-villes-intelligentes-le-role-de-lintelligence-et-des-donnees-geospatiales\/\"]}]},{\"@type\":\"ImageObject\",\"inLanguage\":\"fr-FR\",\"@id\":\"https:\/\/inclusivemap.ca\/fr\/event\/presentation-sur-la-mobilite-inclusive-a-lere-des-villes-intelligentes-le-role-de-lintelligence-et-des-donnees-geospatiales\/#primaryimage\",\"url\":\"https:\/\/inclusivemap.ca\/wp-content\/uploads\/2023\/11\/Mir_Abolfazl_Mostafavi-240-288x300-1.png\",\"contentUrl\":\"https:\/\/inclusivemap.ca\/wp-content\/uploads\/2023\/11\/Mir_Abolfazl_Mostafavi-240-288x300-1.png\",\"width\":288,\"height\":300},{\"@type\":\"BreadcrumbList\",\"@id\":\"https:\/\/inclusivemap.ca\/fr\/event\/presentation-sur-la-mobilite-inclusive-a-lere-des-villes-intelligentes-le-role-de-lintelligence-et-des-donnees-geospatiales\/#breadcrumb\",\"itemListElement\":[{\"@type\":\"ListItem\",\"position\":1,\"name\":\"Home\",\"item\":\"https:\/\/inclusivemap.ca\/fr\/\"},{\"@type\":\"ListItem\",\"position\":2,\"name\":\"\u00c9v\u00e9nements\",\"item\":\"https:\/\/inclusivemap.ca\/fr\/event\/\"},{\"@type\":\"ListItem\",\"position\":3,\"name\":\"Pr\u00e9sentation sur la mobilit\u00e9 inclusive \u00e0 l&#8217;\u00e8re des villes intelligentes : le r\u00f4le de l&#8217;intelligence et des donn\u00e9es g\u00e9ospatiales\"}]},{\"@type\":\"WebSite\",\"@id\":\"https:\/\/inclusivemap.ca\/fr\/#website\",\"url\":\"https:\/\/inclusivemap.ca\/fr\/\",\"name\":\"Inclusivemap\",\"description\":\"MAP \u2013 Mobility | Access | Participation\",\"publisher\":{\"@id\":\"https:\/\/inclusivemap.ca\/fr\/#organization\"},\"potentialAction\":[{\"@type\":\"SearchAction\",\"target\":{\"@type\":\"EntryPoint\",\"urlTemplate\":\"https:\/\/inclusivemap.ca\/fr\/?s={search_term_string}\"},\"query-input\":{\"@type\":\"PropertyValueSpecification\",\"valueRequired\":true,\"valueName\":\"search_term_string\"}}],\"inLanguage\":\"fr-FR\"},{\"@type\":\"Organization\",\"@id\":\"https:\/\/inclusivemap.ca\/fr\/#organization\",\"name\":\"Inclusivemap\",\"url\":\"https:\/\/inclusivemap.ca\/fr\/\",\"logo\":{\"@type\":\"ImageObject\",\"inLanguage\":\"fr-FR\",\"@id\":\"https:\/\/inclusivemap.ca\/fr\/#\/schema\/logo\/image\/\",\"url\":\"https:\/\/inclusivemap.ca\/wp-content\/uploads\/2022\/07\/map_bigprint_lighterblue.png\",\"contentUrl\":\"https:\/\/inclusivemap.ca\/wp-content\/uploads\/2022\/07\/map_bigprint_lighterblue.png\",\"width\":8348,\"height\":4563,\"caption\":\"Inclusivemap\"},\"image\":{\"@id\":\"https:\/\/inclusivemap.ca\/fr\/#\/schema\/logo\/image\/\"}}]}<\/script>\n<!-- \/ Yoast SEO plugin. -->","yoast_head_json":{"title":"Pr\u00e9sentation sur la mobilit\u00e9 inclusive \u00e0 l'\u00e8re des villes intelligentes : le r\u00f4le de l'intelligence et des donn\u00e9es g\u00e9ospatiales - Inclusivemap","description":"Mir Mostafavi, chercheur au MAP, anime une pr\u00e9sentation intitul\u00e9e \"Mobilit\u00e9 inclusive \u00e0 l'\u00e8re des villes intelligentes : le r\u00f4le de l'intelligence et des donn\u00e9es g\u00e9ospatiales\"","robots":{"index":"index","follow":"follow","max-snippet":"max-snippet:-1","max-image-preview":"max-image-preview:large","max-video-preview":"max-video-preview:-1"},"canonical":"https:\/\/inclusivemap.ca\/fr\/event\/presentation-sur-la-mobilite-inclusive-a-lere-des-villes-intelligentes-le-role-de-lintelligence-et-des-donnees-geospatiales\/","og_locale":"fr_FR","og_type":"article","og_title":"Pr\u00e9sentation sur la mobilit\u00e9 inclusive \u00e0 l'\u00e8re des villes intelligentes : le r\u00f4le de l'intelligence et des donn\u00e9es g\u00e9ospatiales - Inclusivemap","og_description":"Mir Mostafavi, chercheur au MAP, anime une pr\u00e9sentation intitul\u00e9e \"Mobilit\u00e9 inclusive \u00e0 l'\u00e8re des villes intelligentes : le r\u00f4le de l'intelligence et des donn\u00e9es g\u00e9ospatiales\"","og_url":"https:\/\/inclusivemap.ca\/fr\/event\/presentation-sur-la-mobilite-inclusive-a-lere-des-villes-intelligentes-le-role-de-lintelligence-et-des-donnees-geospatiales\/","og_site_name":"Inclusivemap","article_modified_time":"2024-11-28T01:56:58+00:00","og_image":[{"width":288,"height":300,"url":"https:\/\/inclusivemap.ca\/wp-content\/uploads\/2023\/11\/Mir_Abolfazl_Mostafavi-240-288x300-1.png","type":"image\/png"}],"twitter_card":"summary_large_image","twitter_misc":{"Dur\u00e9e de lecture estim\u00e9e":"1 minute"},"schema":{"@context":"https:\/\/schema.org","@graph":[{"@type":"WebPage","@id":"https:\/\/inclusivemap.ca\/fr\/event\/presentation-sur-la-mobilite-inclusive-a-lere-des-villes-intelligentes-le-role-de-lintelligence-et-des-donnees-geospatiales\/","url":"https:\/\/inclusivemap.ca\/fr\/event\/presentation-sur-la-mobilite-inclusive-a-lere-des-villes-intelligentes-le-role-de-lintelligence-et-des-donnees-geospatiales\/","name":"Pr\u00e9sentation sur la mobilit\u00e9 inclusive \u00e0 l'\u00e8re des villes intelligentes : le r\u00f4le de l'intelligence et des donn\u00e9es g\u00e9ospatiales - Inclusivemap","isPartOf":{"@id":"https:\/\/inclusivemap.ca\/fr\/#website"},"primaryImageOfPage":{"@id":"https:\/\/inclusivemap.ca\/fr\/event\/presentation-sur-la-mobilite-inclusive-a-lere-des-villes-intelligentes-le-role-de-lintelligence-et-des-donnees-geospatiales\/#primaryimage"},"image":{"@id":"https:\/\/inclusivemap.ca\/fr\/event\/presentation-sur-la-mobilite-inclusive-a-lere-des-villes-intelligentes-le-role-de-lintelligence-et-des-donnees-geospatiales\/#primaryimage"},"thumbnailUrl":"https:\/\/inclusivemap.ca\/wp-content\/uploads\/2023\/11\/Mir_Abolfazl_Mostafavi-240-288x300-1.png","datePublished":"2023-11-23T12:00:23+00:00","dateModified":"2024-11-28T01:56:58+00:00","description":"Mir Mostafavi, chercheur au MAP, anime une pr\u00e9sentation intitul\u00e9e \"Mobilit\u00e9 inclusive \u00e0 l'\u00e8re des villes intelligentes : le r\u00f4le de l'intelligence et des donn\u00e9es g\u00e9ospatiales\"","breadcrumb":{"@id":"https:\/\/inclusivemap.ca\/fr\/event\/presentation-sur-la-mobilite-inclusive-a-lere-des-villes-intelligentes-le-role-de-lintelligence-et-des-donnees-geospatiales\/#breadcrumb"},"inLanguage":"fr-FR","potentialAction":[{"@type":"ReadAction","target":["https:\/\/inclusivemap.ca\/fr\/event\/presentation-sur-la-mobilite-inclusive-a-lere-des-villes-intelligentes-le-role-de-lintelligence-et-des-donnees-geospatiales\/"]}]},{"@type":"ImageObject","inLanguage":"fr-FR","@id":"https:\/\/inclusivemap.ca\/fr\/event\/presentation-sur-la-mobilite-inclusive-a-lere-des-villes-intelligentes-le-role-de-lintelligence-et-des-donnees-geospatiales\/#primaryimage","url":"https:\/\/inclusivemap.ca\/wp-content\/uploads\/2023\/11\/Mir_Abolfazl_Mostafavi-240-288x300-1.png","contentUrl":"https:\/\/inclusivemap.ca\/wp-content\/uploads\/2023\/11\/Mir_Abolfazl_Mostafavi-240-288x300-1.png","width":288,"height":300},{"@type":"BreadcrumbList","@id":"https:\/\/inclusivemap.ca\/fr\/event\/presentation-sur-la-mobilite-inclusive-a-lere-des-villes-intelligentes-le-role-de-lintelligence-et-des-donnees-geospatiales\/#breadcrumb","itemListElement":[{"@type":"ListItem","position":1,"name":"Home","item":"https:\/\/inclusivemap.ca\/fr\/"},{"@type":"ListItem","position":2,"name":"\u00c9v\u00e9nements","item":"https:\/\/inclusivemap.ca\/fr\/event\/"},{"@type":"ListItem","position":3,"name":"Pr\u00e9sentation sur la mobilit\u00e9 inclusive \u00e0 l&#8217;\u00e8re des villes intelligentes : le r\u00f4le de l&#8217;intelligence et des donn\u00e9es g\u00e9ospatiales"}]},{"@type":"WebSite","@id":"https:\/\/inclusivemap.ca\/fr\/#website","url":"https:\/\/inclusivemap.ca\/fr\/","name":"Inclusivemap","description":"MAP \u2013 Mobility | Access | Participation","publisher":{"@id":"https:\/\/inclusivemap.ca\/fr\/#organization"},"potentialAction":[{"@type":"SearchAction","target":{"@type":"EntryPoint","urlTemplate":"https:\/\/inclusivemap.ca\/fr\/?s={search_term_string}"},"query-input":{"@type":"PropertyValueSpecification","valueRequired":true,"valueName":"search_term_string"}}],"inLanguage":"fr-FR"},{"@type":"Organization","@id":"https:\/\/inclusivemap.ca\/fr\/#organization","name":"Inclusivemap","url":"https:\/\/inclusivemap.ca\/fr\/","logo":{"@type":"ImageObject","inLanguage":"fr-FR","@id":"https:\/\/inclusivemap.ca\/fr\/#\/schema\/logo\/image\/","url":"https:\/\/inclusivemap.ca\/wp-content\/uploads\/2022\/07\/map_bigprint_lighterblue.png","contentUrl":"https:\/\/inclusivemap.ca\/wp-content\/uploads\/2022\/07\/map_bigprint_lighterblue.png","width":8348,"height":4563,"caption":"Inclusivemap"},"image":{"@id":"https:\/\/inclusivemap.ca\/fr\/#\/schema\/logo\/image\/"}}]}},"_links":{"self":[{"href":"https:\/\/inclusivemap.ca\/fr\/wp-json\/wp\/v2\/event\/4832","targetHints":{"allow":["GET"]}}],"collection":[{"href":"https:\/\/inclusivemap.ca\/fr\/wp-json\/wp\/v2\/event"}],"about":[{"href":"https:\/\/inclusivemap.ca\/fr\/wp-json\/wp\/v2\/types\/event"}],"version-history":[{"count":1,"href":"https:\/\/inclusivemap.ca\/fr\/wp-json\/wp\/v2\/event\/4832\/revisions"}],"predecessor-version":[{"id":4833,"href":"https:\/\/inclusivemap.ca\/fr\/wp-json\/wp\/v2\/event\/4832\/revisions\/4833"}],"wp:featuredmedia":[{"embeddable":true,"href":"https:\/\/inclusivemap.ca\/fr\/wp-json\/wp\/v2\/media\/2563"}],"wp:attachment":[{"href":"https:\/\/inclusivemap.ca\/fr\/wp-json\/wp\/v2\/media?parent=4832"}],"curies":[{"name":"wp","href":"https:\/\/api.w.org\/{rel}","templated":true}]}}