{"id":1391,"date":"2023-01-03T20:12:13","date_gmt":"2023-01-03T20:12:13","guid":{"rendered":"https:\/\/inclusivemap.ca\/mise-a-jour-partenaire-adaptavie\/"},"modified":"2023-05-11T22:11:20","modified_gmt":"2023-05-11T22:11:20","slug":"mise-a-jour-partenaire-adaptavie","status":"publish","type":"page","link":"https:\/\/inclusivemap.ca\/fr\/mise-a-jour-partenaire-adaptavie\/","title":{"rendered":"Mise \u00e0 jour partenaire : Adaptavie"},"content":{"rendered":"<div class=\"wp-block-image\">\n<figure class=\"aligncenter size-full\"><img loading=\"lazy\" decoding=\"async\" width=\"400\" height=\"400\" src=\"https:\/\/inclusivemap.ca\/wp-content\/uploads\/2023\/01\/Sa553GqF_400x400.jpg\" alt=\"\" class=\"wp-image-1179\" srcset=\"https:\/\/inclusivemap.ca\/wp-content\/uploads\/2023\/01\/Sa553GqF_400x400.jpg 400w, https:\/\/inclusivemap.ca\/wp-content\/uploads\/2023\/01\/Sa553GqF_400x400-80x80.jpg 80w, https:\/\/inclusivemap.ca\/wp-content\/uploads\/2023\/01\/Sa553GqF_400x400-150x150.jpg 150w, https:\/\/inclusivemap.ca\/wp-content\/uploads\/2023\/01\/Sa553GqF_400x400-300x300.jpg 300w\" sizes=\"auto, (max-width: 400px) 100vw, 400px\" \/><figcaption class=\"wp-element-caption\">logo de Adaptavie<\/figcaption><\/figure>\n<\/div>\n\n\n<p>Depuis 1980, Adaptavie a pour mission de pr\u00e9venir, maintenir, am\u00e9liorer et promouvoir le bien-\u00eatre physique et mental ainsi que l\u2019autonomie des personnes vivant avec des limitations fonctionnelles. <\/p>\n\n\n\n<p>L\u2019appui de donn\u00e9es probantes, l\u2019expertise des chercheurs et les collaborations avec les diff\u00e9rents acteurs du milieu nous permettent d\u2019offrir des services de meilleure qualit\u00e9 \u00e0 nos membres ce qui favorisent leur inclusion sociale. Plusieurs projets sont en cours dans le cadre du pancanadien MAP (Mobilit\u00e9, Acc\u00e8s, Participation). Voici deux exemples : <\/p>\n\n\n\n<p>Acc\u00e8s aux services communautaires pour les personnes avec incapacit\u00e9s ou en perte d\u2019autonomie depuis la pand\u00e9mie de COVID-19 : une \u00e9tude de type recherche-action. Cette collaboration nous aide \u00e0 am\u00e9liorer l\u2019accessibilit\u00e9 de nos services. <\/p>\n\n\n\n<p>Nous sommes \u00e9galement impliqu\u00e9s dans un projet de technologies d\u2019assistance \u00e0 la mobilit\u00e9 et les obstacles sociaux \u00e0 la mobilit\u00e9 urbaine des personnes ayant des incapacit\u00e9s motrices \u00e0 Qu\u00e9bec avec le Dr Normand Boucher et le Dr Mir Abolfazl. <\/p>\n\n\n\n<p>Cette technologie \u00e9mergente permettra \u00e0 nos membres, ainsi qu\u2019aux autres citoyens vivant avec des limitations fonctionnelles, d\u2019utiliser davantage le transport actif comme par exemple, se rouler en fauteuil roulant et vivre davantage de situation d\u2019inclusion sociale. Cette collaboration nous ait ch\u00e8re et nous esp\u00e9rons pouvoir mettre \u00e0 profit toutes ces avanc\u00e9es au b\u00e9n\u00e9fices des personnes vivant avec des limitations fonctionnelles.<\/p>\n\n\n\n<div class=\"wp-block-buttons alignwide is-layout-flex wp-block-buttons-is-layout-flex\">\n<div class=\"wp-block-button has-custom-width wp-block-button__width-50 has-custom-font-size aligncenter is-style-outline has-small-font-size is-style-outline--1\"><a class=\"wp-block-button__link has-primary-color has-tertiary-background-color has-text-color has-background wp-element-button\" href=\"https:\/\/inclusivemap.ca\/newsletter\/map-newsletter-issue-1\/\">Retour \u00e0 la newsletter<\/a><\/div>\n<\/div>\n","protected":false},"excerpt":{"rendered":"<p>Depuis 1980, Adaptavie a pour mission de pr\u00e9venir, maintenir, am\u00e9liorer et promouvoir le bien-\u00eatre physique et mental ainsi que l\u2019autonomie des personnes vivant avec des limitations fonctionnelles. L\u2019appui de donn\u00e9es probantes, l\u2019expertise des chercheurs et les collaborations avec les diff\u00e9rents acteurs du milieu nous permettent d\u2019offrir des services de meilleure qualit\u00e9 \u00e0 nos membres ce<a class=\"more-link\" href=\"https:\/\/inclusivemap.ca\/fr\/mise-a-jour-partenaire-adaptavie\/\">Poursuivre la lecture de <span class=\"screen-reader-text\">\u00ab\u00a0Mise \u00e0 jour partenaire : Adaptavie\u00a0\u00bb<\/span><\/a><\/p>\n","protected":false},"author":6,"featured_media":0,"parent":0,"menu_order":0,"comment_status":"closed","ping_status":"closed","template":"","meta":{"_acf_changed":false,"inline_featured_image":false,"footnotes":""},"publication_categories":[],"class_list":["post-1391","page","type-page","status-publish","hentry","entry"],"acf":[],"yoast_head":"<!-- This site is optimized with the Yoast SEO plugin v26.9 - https:\/\/yoast.com\/product\/yoast-seo-wordpress\/ -->\n<title>Mise \u00e0 jour partenaire : Adaptavie - Inclusivemap<\/title>\n<meta name=\"robots\" content=\"index, follow, max-snippet:-1, max-image-preview:large, max-video-preview:-1\" \/>\n<link rel=\"canonical\" href=\"https:\/\/inclusivemap.ca\/fr\/mise-a-jour-partenaire-adaptavie\/\" \/>\n<meta property=\"og:locale\" content=\"fr_FR\" \/>\n<meta property=\"og:type\" content=\"article\" \/>\n<meta property=\"og:title\" content=\"Mise \u00e0 jour partenaire : Adaptavie - Inclusivemap\" \/>\n<meta property=\"og:description\" content=\"Depuis 1980, Adaptavie a pour mission de pr\u00e9venir, maintenir, am\u00e9liorer et promouvoir le bien-\u00eatre physique et mental ainsi que l\u2019autonomie des personnes vivant avec des limitations fonctionnelles. L\u2019appui de donn\u00e9es probantes, l\u2019expertise des chercheurs et les collaborations avec les diff\u00e9rents acteurs du milieu nous permettent d\u2019offrir des services de meilleure qualit\u00e9 \u00e0 nos membres cePoursuivre la lecture de &quot;Mise \u00e0 jour partenaire : Adaptavie&quot;\" \/>\n<meta property=\"og:url\" content=\"https:\/\/inclusivemap.ca\/fr\/mise-a-jour-partenaire-adaptavie\/\" \/>\n<meta property=\"og:site_name\" content=\"Inclusivemap\" \/>\n<meta property=\"article:modified_time\" content=\"2023-05-11T22:11:20+00:00\" \/>\n<meta property=\"og:image\" content=\"https:\/\/inclusivemap.ca\/wp-content\/uploads\/2023\/01\/Sa553GqF_400x400.jpg\" \/>\n<meta name=\"twitter:card\" content=\"summary_large_image\" \/>\n<meta name=\"twitter:label1\" content=\"Dur\u00e9e de lecture estim\u00e9e\" \/>\n\t<meta name=\"twitter:data1\" content=\"2 minutes\" \/>\n<script type=\"application\/ld+json\" class=\"yoast-schema-graph\">{\"@context\":\"https:\/\/schema.org\",\"@graph\":[{\"@type\":\"WebPage\",\"@id\":\"https:\/\/inclusivemap.ca\/fr\/mise-a-jour-partenaire-adaptavie\/\",\"url\":\"https:\/\/inclusivemap.ca\/fr\/mise-a-jour-partenaire-adaptavie\/\",\"name\":\"Mise \u00e0 jour partenaire : Adaptavie - Inclusivemap\",\"isPartOf\":{\"@id\":\"https:\/\/inclusivemap.ca\/fr\/#website\"},\"primaryImageOfPage\":{\"@id\":\"https:\/\/inclusivemap.ca\/fr\/mise-a-jour-partenaire-adaptavie\/#primaryimage\"},\"image\":{\"@id\":\"https:\/\/inclusivemap.ca\/fr\/mise-a-jour-partenaire-adaptavie\/#primaryimage\"},\"thumbnailUrl\":\"https:\/\/inclusivemap.ca\/wp-content\/uploads\/2023\/01\/Sa553GqF_400x400.jpg\",\"datePublished\":\"2023-01-03T20:12:13+00:00\",\"dateModified\":\"2023-05-11T22:11:20+00:00\",\"breadcrumb\":{\"@id\":\"https:\/\/inclusivemap.ca\/fr\/mise-a-jour-partenaire-adaptavie\/#breadcrumb\"},\"inLanguage\":\"fr-FR\",\"potentialAction\":[{\"@type\":\"ReadAction\",\"target\":[\"https:\/\/inclusivemap.ca\/fr\/mise-a-jour-partenaire-adaptavie\/\"]}]},{\"@type\":\"ImageObject\",\"inLanguage\":\"fr-FR\",\"@id\":\"https:\/\/inclusivemap.ca\/fr\/mise-a-jour-partenaire-adaptavie\/#primaryimage\",\"url\":\"https:\/\/inclusivemap.ca\/wp-content\/uploads\/2023\/01\/Sa553GqF_400x400.jpg\",\"contentUrl\":\"https:\/\/inclusivemap.ca\/wp-content\/uploads\/2023\/01\/Sa553GqF_400x400.jpg\"},{\"@type\":\"BreadcrumbList\",\"@id\":\"https:\/\/inclusivemap.ca\/fr\/mise-a-jour-partenaire-adaptavie\/#breadcrumb\",\"itemListElement\":[{\"@type\":\"ListItem\",\"position\":1,\"name\":\"Home\",\"item\":\"https:\/\/inclusivemap.ca\/fr\/\"},{\"@type\":\"ListItem\",\"position\":2,\"name\":\"Mise \u00e0 jour partenaire : Adaptavie\"}]},{\"@type\":\"WebSite\",\"@id\":\"https:\/\/inclusivemap.ca\/fr\/#website\",\"url\":\"https:\/\/inclusivemap.ca\/fr\/\",\"name\":\"Inclusivemap\",\"description\":\"MAP \u2013 Mobility | Access | Participation\",\"publisher\":{\"@id\":\"https:\/\/inclusivemap.ca\/fr\/#organization\"},\"potentialAction\":[{\"@type\":\"SearchAction\",\"target\":{\"@type\":\"EntryPoint\",\"urlTemplate\":\"https:\/\/inclusivemap.ca\/fr\/?s={search_term_string}\"},\"query-input\":{\"@type\":\"PropertyValueSpecification\",\"valueRequired\":true,\"valueName\":\"search_term_string\"}}],\"inLanguage\":\"fr-FR\"},{\"@type\":\"Organization\",\"@id\":\"https:\/\/inclusivemap.ca\/fr\/#organization\",\"name\":\"Inclusivemap\",\"url\":\"https:\/\/inclusivemap.ca\/fr\/\",\"logo\":{\"@type\":\"ImageObject\",\"inLanguage\":\"fr-FR\",\"@id\":\"https:\/\/inclusivemap.ca\/fr\/#\/schema\/logo\/image\/\",\"url\":\"https:\/\/inclusivemap.ca\/wp-content\/uploads\/2022\/07\/map_bigprint_lighterblue.png\",\"contentUrl\":\"https:\/\/inclusivemap.ca\/wp-content\/uploads\/2022\/07\/map_bigprint_lighterblue.png\",\"width\":8348,\"height\":4563,\"caption\":\"Inclusivemap\"},\"image\":{\"@id\":\"https:\/\/inclusivemap.ca\/fr\/#\/schema\/logo\/image\/\"}}]}<\/script>\n<!-- \/ Yoast SEO plugin. -->","yoast_head_json":{"title":"Mise \u00e0 jour partenaire : Adaptavie - Inclusivemap","robots":{"index":"index","follow":"follow","max-snippet":"max-snippet:-1","max-image-preview":"max-image-preview:large","max-video-preview":"max-video-preview:-1"},"canonical":"https:\/\/inclusivemap.ca\/fr\/mise-a-jour-partenaire-adaptavie\/","og_locale":"fr_FR","og_type":"article","og_title":"Mise \u00e0 jour partenaire : Adaptavie - Inclusivemap","og_description":"Depuis 1980, Adaptavie a pour mission de pr\u00e9venir, maintenir, am\u00e9liorer et promouvoir le bien-\u00eatre physique et mental ainsi que l\u2019autonomie des personnes vivant avec des limitations fonctionnelles. L\u2019appui de donn\u00e9es probantes, l\u2019expertise des chercheurs et les collaborations avec les diff\u00e9rents acteurs du milieu nous permettent d\u2019offrir des services de meilleure qualit\u00e9 \u00e0 nos membres cePoursuivre la lecture de \"Mise \u00e0 jour partenaire : Adaptavie\"","og_url":"https:\/\/inclusivemap.ca\/fr\/mise-a-jour-partenaire-adaptavie\/","og_site_name":"Inclusivemap","article_modified_time":"2023-05-11T22:11:20+00:00","og_image":[{"url":"https:\/\/inclusivemap.ca\/wp-content\/uploads\/2023\/01\/Sa553GqF_400x400.jpg","type":"","width":"","height":""}],"twitter_card":"summary_large_image","twitter_misc":{"Dur\u00e9e de lecture estim\u00e9e":"2 minutes"},"schema":{"@context":"https:\/\/schema.org","@graph":[{"@type":"WebPage","@id":"https:\/\/inclusivemap.ca\/fr\/mise-a-jour-partenaire-adaptavie\/","url":"https:\/\/inclusivemap.ca\/fr\/mise-a-jour-partenaire-adaptavie\/","name":"Mise \u00e0 jour partenaire : Adaptavie - Inclusivemap","isPartOf":{"@id":"https:\/\/inclusivemap.ca\/fr\/#website"},"primaryImageOfPage":{"@id":"https:\/\/inclusivemap.ca\/fr\/mise-a-jour-partenaire-adaptavie\/#primaryimage"},"image":{"@id":"https:\/\/inclusivemap.ca\/fr\/mise-a-jour-partenaire-adaptavie\/#primaryimage"},"thumbnailUrl":"https:\/\/inclusivemap.ca\/wp-content\/uploads\/2023\/01\/Sa553GqF_400x400.jpg","datePublished":"2023-01-03T20:12:13+00:00","dateModified":"2023-05-11T22:11:20+00:00","breadcrumb":{"@id":"https:\/\/inclusivemap.ca\/fr\/mise-a-jour-partenaire-adaptavie\/#breadcrumb"},"inLanguage":"fr-FR","potentialAction":[{"@type":"ReadAction","target":["https:\/\/inclusivemap.ca\/fr\/mise-a-jour-partenaire-adaptavie\/"]}]},{"@type":"ImageObject","inLanguage":"fr-FR","@id":"https:\/\/inclusivemap.ca\/fr\/mise-a-jour-partenaire-adaptavie\/#primaryimage","url":"https:\/\/inclusivemap.ca\/wp-content\/uploads\/2023\/01\/Sa553GqF_400x400.jpg","contentUrl":"https:\/\/inclusivemap.ca\/wp-content\/uploads\/2023\/01\/Sa553GqF_400x400.jpg"},{"@type":"BreadcrumbList","@id":"https:\/\/inclusivemap.ca\/fr\/mise-a-jour-partenaire-adaptavie\/#breadcrumb","itemListElement":[{"@type":"ListItem","position":1,"name":"Home","item":"https:\/\/inclusivemap.ca\/fr\/"},{"@type":"ListItem","position":2,"name":"Mise \u00e0 jour partenaire : Adaptavie"}]},{"@type":"WebSite","@id":"https:\/\/inclusivemap.ca\/fr\/#website","url":"https:\/\/inclusivemap.ca\/fr\/","name":"Inclusivemap","description":"MAP \u2013 Mobility | Access | Participation","publisher":{"@id":"https:\/\/inclusivemap.ca\/fr\/#organization"},"potentialAction":[{"@type":"SearchAction","target":{"@type":"EntryPoint","urlTemplate":"https:\/\/inclusivemap.ca\/fr\/?s={search_term_string}"},"query-input":{"@type":"PropertyValueSpecification","valueRequired":true,"valueName":"search_term_string"}}],"inLanguage":"fr-FR"},{"@type":"Organization","@id":"https:\/\/inclusivemap.ca\/fr\/#organization","name":"Inclusivemap","url":"https:\/\/inclusivemap.ca\/fr\/","logo":{"@type":"ImageObject","inLanguage":"fr-FR","@id":"https:\/\/inclusivemap.ca\/fr\/#\/schema\/logo\/image\/","url":"https:\/\/inclusivemap.ca\/wp-content\/uploads\/2022\/07\/map_bigprint_lighterblue.png","contentUrl":"https:\/\/inclusivemap.ca\/wp-content\/uploads\/2022\/07\/map_bigprint_lighterblue.png","width":8348,"height":4563,"caption":"Inclusivemap"},"image":{"@id":"https:\/\/inclusivemap.ca\/fr\/#\/schema\/logo\/image\/"}}]}},"_links":{"self":[{"href":"https:\/\/inclusivemap.ca\/fr\/wp-json\/wp\/v2\/pages\/1391","targetHints":{"allow":["GET"]}}],"collection":[{"href":"https:\/\/inclusivemap.ca\/fr\/wp-json\/wp\/v2\/pages"}],"about":[{"href":"https:\/\/inclusivemap.ca\/fr\/wp-json\/wp\/v2\/types\/page"}],"author":[{"embeddable":true,"href":"https:\/\/inclusivemap.ca\/fr\/wp-json\/wp\/v2\/users\/6"}],"replies":[{"embeddable":true,"href":"https:\/\/inclusivemap.ca\/fr\/wp-json\/wp\/v2\/comments?post=1391"}],"version-history":[{"count":2,"href":"https:\/\/inclusivemap.ca\/fr\/wp-json\/wp\/v2\/pages\/1391\/revisions"}],"predecessor-version":[{"id":1721,"href":"https:\/\/inclusivemap.ca\/fr\/wp-json\/wp\/v2\/pages\/1391\/revisions\/1721"}],"wp:attachment":[{"href":"https:\/\/inclusivemap.ca\/fr\/wp-json\/wp\/v2\/media?parent=1391"}],"wp:term":[{"taxonomy":"publication_categories","embeddable":true,"href":"https:\/\/inclusivemap.ca\/fr\/wp-json\/wp\/v2\/publication_categories?post=1391"}],"curies":[{"name":"wp","href":"https:\/\/api.w.org\/{rel}","templated":true}]}}