{"id":1397,"date":"2023-01-03T20:06:49","date_gmt":"2023-01-03T20:06:49","guid":{"rendered":"https:\/\/inclusivemap.ca\/rendez-vous-avec-maxime\/"},"modified":"2024-11-26T01:26:18","modified_gmt":"2024-11-26T01:26:18","slug":"rendez-vous-avec-maxime","status":"publish","type":"page","link":"https:\/\/inclusivemap.ca\/fr\/rendez-vous-avec-maxime\/","title":{"rendered":"Rendez-Vous Avec Maxime"},"content":{"rendered":"\n<figure class=\"wp-block-image\"><img decoding=\"async\" src=\"https:\/\/inclusivemap.ca\/wp-content\/uploads\/2021\/12\/Picture1-3-e1662230153919.jpg\" alt=\"\" class=\"wp-image-1013\"\/><\/figure>\n\n\n\n<p><strong>Nom:<\/strong> Maxime Kiki<\/p>\n\n\n\n<p><strong>Role<\/strong>: Graduate Research Assistant<\/p>\n\n\n\n<p><strong>1) D\u2019o\u00f9 venez-vous et o\u00f9 \u00e9tudiez-vous ? <\/strong> <br>Je suis Gb\u00e8togo Maxime KIKI. Je suis n\u00e9 au B\u00e9nin en Afrique de l\u2019Ouest o\u00f9 j\u2019ai fait mes \u00e9tudes \u00e0 l\u2019universit\u00e9 d\u2019Abomey-Calavi. J\u2019y ai \u00e9tudi\u00e9 entre autres la psychologie, l\u2019\u00e9conomie, et surtout la physioth\u00e9rapie. J\u2019ai exerc\u00e9 d\u2019ailleurs le m\u00e9tier de physioth\u00e9rapeute (Kin\u00e9sith\u00e9rapeute dans mon pays) pendant une dizaine d\u2019ann\u00e9es avant de me d\u00e9cider \u00e0 continuer dans la recherche. <\/p>\n\n\n\n<p><strong>2) Qu\u2019est-ce qui vous motive \u00e0 rendre le monde plus accessible ?<\/strong> <br>J\u2019ai \u00e9t\u00e9 \u00e9duqu\u00e9 dans une ambiance o\u00f9 ne sauraient exister que la fraternit\u00e9 et l\u2019entraide et o\u00f9 le vrai ennemi \u00e0 combattre \u00e0 tout prix est l\u2019injustice. Je pense que ce qui me motive tant dans mes recherches que dans la vie sont ces valeurs morales qui puissent leur source de mon \u00e9ducation et de mes origines. Je r\u00eave d\u2019un monde o\u00f9 l\u2019\u00e9quilibre est possible et que chacun peut se sentir assez heureux dans son milieu et dans ce qu\u2019il fait. Pour moi nul ne saurait vivre heureux tout seul, on se doit d\u2019aider les autres \u00e0 atteindre autant que se peut leur but. <\/p>\n\n\n\n<p><strong>3) Dans un langage simple, d\u00e9cris ton projet de recherche\/le projet dans lequel tu collabores. <\/strong><br>Les transports publics sont essentiels pour faciliter la participation sociale et l&rsquo;int\u00e9gration des personnes \u00e2g\u00e9es avec des incapacit\u00e9s de mobilit\u00e9. Mais de nombreuses personnes \u00e2g\u00e9es avec des incapacit\u00e9s ou en perte d&rsquo;autonomie ne l&rsquo;utilisent pas. Une approche de formation pourrait am\u00e9liorer l&rsquo;utilisation des transports publics. Le R\u00e9seau de Transport Public (RTC) a cr\u00e9\u00e9 le service int\u00e9gr\u00e9 d&rsquo;aide \u00e0 la mobilit\u00e9 (SAMI). Les objectifs du projet sont d&rsquo;explorer les exp\u00e9riences de PAIPAS avec SAMI et d&rsquo;\u00e9valuer les influences de SAMI sur la confiance, la mobilit\u00e9 et la satisfaction.<\/p>\n\n\n\n<p>Methodologie: <br><em>Devis<\/em> : un devis mixte sera suivi avec l\u2019utilisation des m\u00e9thodes qualitatives et quantitatives. Un comit\u00e9 aviseur est mis en place pour le suivi du bon d\u00e9roulement du projet. <\/p>\n\n\n\n<p><em>Participants: <\/em>Nous recruterons dix personnes \u00e2g\u00e9es ayant des incapacit\u00e9s ou en perte d\u2019autonomie \u00e2g\u00e9es de 55 ans et plus habitant dans la ville de Qu\u00e9bec. Ils doivent \u00eatre capable de se d\u00e9placer avec ou sans des aides \u00e0 mobilit\u00e9 et sans troubles mentales et de COVID19. Ils seront recrut\u00e9s par \u00e9chantillonnage de convenance (association ARTERE, TCC, r\u00e9sidences pour a\u00een\u00e9es). <\/p>\n\n\n\n<p><em>Proc\u00e9dure et \u00e9valuation<\/em> : Des \u00e9valuations vont \u00eatre r\u00e9alis\u00e9es deux semaines avant et apr\u00e8s ladite formation puis trois et six mois apr\u00e8s avoir pris la formation. La confiance sera mesur\u00e9e \u00e0 l\u2019aide d\u2019\u00e9chelle visuelle analogique, la mobilit\u00e9 via le life space assessment, la satisfaction par la mesure canadienne de rendement occupation et l\u2019\u00e9chelle de satisfaction des voyages. Enfin, des entrevues qualitatives semi-structur\u00e9es seront men\u00e9es imm\u00e9diatement apr\u00e8s la formation puis trois et six mois plus tard. <\/p>\n\n\n\n<p><em>Analyse<\/em> : Des statistiques descriptives seront produites sur la base des donn\u00e9es quantitatives (moyennes, \u00e9carts-types, fr\u00e9quences, pourcentages). Les entrevues qualitatives seront transcrites cod\u00e9es \u00e0 partir du logiciel NVivo. Une exploration des th\u00e8mes \u00e9mergents sera r\u00e9alis\u00e9e suivant les donn\u00e9es sociod\u00e9mographiques recueillis. Les objectifs du projet sont d&rsquo;explorer les exp\u00e9riences de PAIPAS avec SAMI et d&rsquo;\u00e9valuer les influences de SAMI sur la confiance, la mobilit\u00e9 et la satisfaction. <\/p>\n\n\n\n<p>Des analyses longitudinales non-param\u00e9triques seront effectu\u00e9es dans le but de rechercher les diff\u00e9rences pour chaque participant avant et apr\u00e8s la formation SAMI au regard de l\u2019utilisation du transport en commun, du sentiment d\u2019efficacit\u00e9 personnelle et de la mobilit\u00e9 (p=0.05). Le logiciel SPSS\/R sera utilis\u00e9. <\/p>\n\n\n\n<p><strong>4) Quel est votre talent cach\u00e9 et votre plus grande qualit\u00e9 ? <\/strong> <br>J\u2019aime \u00e9crire des vers de po\u00e9sie. Je pense que la plus grande qualit\u00e9 reste l\u2019altruisme. <\/p>\n\n\n\n<p><strong>5) Quelle est la meilleure fa\u00e7on de vous faire sourire ? <\/strong> <br>J\u2019aime beaucoup d\u00e9baller les cadeaux, la valeur du cadeau m\u2019importe peu, mais, d\u00e9baller d\u00e9licatement l\u2019emballage et ouvrir le carton me procure que du bonheur et donc me rends souriant \u00e0 tous les coups. <\/p>\n\n\n\n<p><strong>6) Qu\u2019est-ce que vous aimez faire pendant ton temps libre ? <\/strong> <br>Feue ma m\u00e8re n\u2019avait presque pas de fille et donc elle nous a habitu\u00e9s \u00e0 cuisiner et \u00e0 aimer les fourneaux. J\u2019adore donc cuisiner, mais des plats africains pour la plupart. J\u2019aime aussi jardiner et lire un bon roman \u00e0 la plage mes pieds plong\u00e9s dans le sable marin berc\u00e9 caress\u00e9 de temps \u00e0 autre par l\u2019eau de mer. <\/p>\n\n\n\n<p><strong>7) Quel endroit dans le monde r\u00eavez-vous de visiter? <\/strong> <br>J\u2019aimerais pouvoir visiter la cit\u00e9 interdite de P\u00e9kin. Je suis fascin\u00e9 par la richesse de son histoire et la beaut\u00e9 des lieux. <\/p>\n\n\n\n<p><strong>8) Quel est le livre ou le film qui vous a le plus inspir\u00e9 ? <\/strong> <br>De loin, la Bible est mon meilleur livre qui m\u2019a le plus inspir\u00e9 et qui m\u2019inspire encore et encore. C\u2019est le livre qui ne me donne jamais la m\u00eame compr\u00e9hension \u00e0 chaque fois que je lis la m\u00eame ligne \u00e0 deux moments diff\u00e9rents. D\u2019apr\u00e8s moi, il est le livre le plus important jamais \u00e9crit. C\u2019est un t\u00e9moignage oculaire d\u2019\u00e9v\u00e9nements historiques d\u2019une telle magnitude qu\u2019ils ont litt\u00e9ralement fa\u00e7onn\u00e9 le monde dans lequel nous vivons. <\/p>\n\n\n\n<p>Du c\u00f4t\u00e9 des films, j\u2019ai \u00e9t\u00e9 marqu\u00e9 par \u00ab men of honor \u00bb de George Tillman Jr. L\u2019histoire vraie de Carl Brashear, premier Afro-Am\u00e9ricain \u00e0 avoir int\u00e9gr\u00e9 la Navy en tant que scaphandrier. Je l\u2019ai regard\u00e9 pr\u00e8s d\u2019une trentaine de fois, l\u2019acteur principal incarne profond\u00e9ment tout ceux \u00e0 quoi je crois. En effet, je pense qu\u2019avec beaucoup de rigueur, courage, de la d\u00e9termination, de la patience, un grain de t\u00e9nacit\u00e9 et un peu d\u2019aide et de chance l\u2019homme est capable de tous. <\/p>\n\n\n\n<div class=\"wp-block-buttons alignwide is-layout-flex wp-block-buttons-is-layout-flex\">\n<div class=\"wp-block-button has-custom-width wp-block-button__width-50 has-custom-font-size aligncenter is-style-outline has-small-font-size is-style-outline--1\"><a class=\"wp-block-button__link has-primary-color has-tertiary-background-color has-text-color has-background wp-element-button\" href=\"https:\/\/inclusivemap.ca\/newsletter\/map-newsletter-issue-1\/\">Retour a la newsletter<\/a><\/div>\n<\/div>\n","protected":false},"excerpt":{"rendered":"<p>Nom: Maxime Kiki Role: Graduate Research Assistant 1) D\u2019o\u00f9 venez-vous et o\u00f9 \u00e9tudiez-vous ? Je suis Gb\u00e8togo Maxime KIKI. Je suis n\u00e9 au B\u00e9nin en Afrique de l\u2019Ouest o\u00f9 j\u2019ai fait mes \u00e9tudes \u00e0 l\u2019universit\u00e9 d\u2019Abomey-Calavi. J\u2019y ai \u00e9tudi\u00e9 entre autres la psychologie, l\u2019\u00e9conomie, et surtout la physioth\u00e9rapie. J\u2019ai exerc\u00e9 d\u2019ailleurs le m\u00e9tier de physioth\u00e9rapeute<a class=\"more-link\" href=\"https:\/\/inclusivemap.ca\/fr\/rendez-vous-avec-maxime\/\">Poursuivre la lecture de <span class=\"screen-reader-text\">\u00ab\u00a0Rendez-Vous Avec Maxime\u00a0\u00bb<\/span><\/a><\/p>\n","protected":false},"author":6,"featured_media":0,"parent":0,"menu_order":0,"comment_status":"closed","ping_status":"closed","template":"","meta":{"_acf_changed":false,"inline_featured_image":false,"footnotes":""},"publication_categories":[],"class_list":["post-1397","page","type-page","status-publish","hentry","entry"],"acf":[],"yoast_head":"<!-- This site is optimized with the Yoast SEO plugin v26.9 - https:\/\/yoast.com\/product\/yoast-seo-wordpress\/ -->\n<title>Rendez-Vous Avec Maxime - Inclusivemap<\/title>\n<meta name=\"robots\" content=\"index, follow, max-snippet:-1, max-image-preview:large, max-video-preview:-1\" \/>\n<link rel=\"canonical\" href=\"https:\/\/inclusivemap.ca\/fr\/rendez-vous-avec-maxime\/\" \/>\n<meta property=\"og:locale\" content=\"fr_FR\" \/>\n<meta property=\"og:type\" content=\"article\" \/>\n<meta property=\"og:title\" content=\"Rendez-Vous Avec Maxime - Inclusivemap\" \/>\n<meta property=\"og:description\" content=\"Nom: Maxime Kiki Role: Graduate Research Assistant 1) D\u2019o\u00f9 venez-vous et o\u00f9 \u00e9tudiez-vous ? Je suis Gb\u00e8togo Maxime KIKI. Je suis n\u00e9 au B\u00e9nin en Afrique de l\u2019Ouest o\u00f9 j\u2019ai fait mes \u00e9tudes \u00e0 l\u2019universit\u00e9 d\u2019Abomey-Calavi. J\u2019y ai \u00e9tudi\u00e9 entre autres la psychologie, l\u2019\u00e9conomie, et surtout la physioth\u00e9rapie. J\u2019ai exerc\u00e9 d\u2019ailleurs le m\u00e9tier de physioth\u00e9rapeutePoursuivre la lecture de &quot;Rendez-Vous Avec Maxime&quot;\" \/>\n<meta property=\"og:url\" content=\"https:\/\/inclusivemap.ca\/fr\/rendez-vous-avec-maxime\/\" \/>\n<meta property=\"og:site_name\" content=\"Inclusivemap\" \/>\n<meta property=\"article:modified_time\" content=\"2024-11-26T01:26:18+00:00\" \/>\n<meta name=\"twitter:card\" content=\"summary_large_image\" \/>\n<meta name=\"twitter:label1\" content=\"Dur\u00e9e de lecture estim\u00e9e\" \/>\n\t<meta name=\"twitter:data1\" content=\"5 minutes\" \/>\n<script type=\"application\/ld+json\" class=\"yoast-schema-graph\">{\"@context\":\"https:\/\/schema.org\",\"@graph\":[{\"@type\":\"WebPage\",\"@id\":\"https:\/\/inclusivemap.ca\/fr\/rendez-vous-avec-maxime\/\",\"url\":\"https:\/\/inclusivemap.ca\/fr\/rendez-vous-avec-maxime\/\",\"name\":\"Rendez-Vous Avec Maxime - Inclusivemap\",\"isPartOf\":{\"@id\":\"https:\/\/inclusivemap.ca\/fr\/#website\"},\"primaryImageOfPage\":{\"@id\":\"https:\/\/inclusivemap.ca\/fr\/rendez-vous-avec-maxime\/#primaryimage\"},\"image\":{\"@id\":\"https:\/\/inclusivemap.ca\/fr\/rendez-vous-avec-maxime\/#primaryimage\"},\"thumbnailUrl\":\"https:\/\/inclusivemap.ca\/wp-content\/uploads\/2021\/12\/Picture1-3-e1662230153919.jpg\",\"datePublished\":\"2023-01-03T20:06:49+00:00\",\"dateModified\":\"2024-11-26T01:26:18+00:00\",\"breadcrumb\":{\"@id\":\"https:\/\/inclusivemap.ca\/fr\/rendez-vous-avec-maxime\/#breadcrumb\"},\"inLanguage\":\"fr-FR\",\"potentialAction\":[{\"@type\":\"ReadAction\",\"target\":[\"https:\/\/inclusivemap.ca\/fr\/rendez-vous-avec-maxime\/\"]}]},{\"@type\":\"ImageObject\",\"inLanguage\":\"fr-FR\",\"@id\":\"https:\/\/inclusivemap.ca\/fr\/rendez-vous-avec-maxime\/#primaryimage\",\"url\":\"https:\/\/inclusivemap.ca\/wp-content\/uploads\/2021\/12\/Picture1-3-e1662230153919.jpg\",\"contentUrl\":\"https:\/\/inclusivemap.ca\/wp-content\/uploads\/2021\/12\/Picture1-3-e1662230153919.jpg\"},{\"@type\":\"BreadcrumbList\",\"@id\":\"https:\/\/inclusivemap.ca\/fr\/rendez-vous-avec-maxime\/#breadcrumb\",\"itemListElement\":[{\"@type\":\"ListItem\",\"position\":1,\"name\":\"Home\",\"item\":\"https:\/\/inclusivemap.ca\/fr\/\"},{\"@type\":\"ListItem\",\"position\":2,\"name\":\"Rendez-Vous Avec Maxime\"}]},{\"@type\":\"WebSite\",\"@id\":\"https:\/\/inclusivemap.ca\/fr\/#website\",\"url\":\"https:\/\/inclusivemap.ca\/fr\/\",\"name\":\"Inclusivemap\",\"description\":\"MAP \u2013 Mobility | Access | Participation\",\"publisher\":{\"@id\":\"https:\/\/inclusivemap.ca\/fr\/#organization\"},\"potentialAction\":[{\"@type\":\"SearchAction\",\"target\":{\"@type\":\"EntryPoint\",\"urlTemplate\":\"https:\/\/inclusivemap.ca\/fr\/?s={search_term_string}\"},\"query-input\":{\"@type\":\"PropertyValueSpecification\",\"valueRequired\":true,\"valueName\":\"search_term_string\"}}],\"inLanguage\":\"fr-FR\"},{\"@type\":\"Organization\",\"@id\":\"https:\/\/inclusivemap.ca\/fr\/#organization\",\"name\":\"Inclusivemap\",\"url\":\"https:\/\/inclusivemap.ca\/fr\/\",\"logo\":{\"@type\":\"ImageObject\",\"inLanguage\":\"fr-FR\",\"@id\":\"https:\/\/inclusivemap.ca\/fr\/#\/schema\/logo\/image\/\",\"url\":\"https:\/\/inclusivemap.ca\/wp-content\/uploads\/2022\/07\/map_bigprint_lighterblue.png\",\"contentUrl\":\"https:\/\/inclusivemap.ca\/wp-content\/uploads\/2022\/07\/map_bigprint_lighterblue.png\",\"width\":8348,\"height\":4563,\"caption\":\"Inclusivemap\"},\"image\":{\"@id\":\"https:\/\/inclusivemap.ca\/fr\/#\/schema\/logo\/image\/\"}}]}<\/script>\n<!-- \/ Yoast SEO plugin. -->","yoast_head_json":{"title":"Rendez-Vous Avec Maxime - Inclusivemap","robots":{"index":"index","follow":"follow","max-snippet":"max-snippet:-1","max-image-preview":"max-image-preview:large","max-video-preview":"max-video-preview:-1"},"canonical":"https:\/\/inclusivemap.ca\/fr\/rendez-vous-avec-maxime\/","og_locale":"fr_FR","og_type":"article","og_title":"Rendez-Vous Avec Maxime - Inclusivemap","og_description":"Nom: Maxime Kiki Role: Graduate Research Assistant 1) D\u2019o\u00f9 venez-vous et o\u00f9 \u00e9tudiez-vous ? Je suis Gb\u00e8togo Maxime KIKI. Je suis n\u00e9 au B\u00e9nin en Afrique de l\u2019Ouest o\u00f9 j\u2019ai fait mes \u00e9tudes \u00e0 l\u2019universit\u00e9 d\u2019Abomey-Calavi. J\u2019y ai \u00e9tudi\u00e9 entre autres la psychologie, l\u2019\u00e9conomie, et surtout la physioth\u00e9rapie. J\u2019ai exerc\u00e9 d\u2019ailleurs le m\u00e9tier de physioth\u00e9rapeutePoursuivre la lecture de \"Rendez-Vous Avec Maxime\"","og_url":"https:\/\/inclusivemap.ca\/fr\/rendez-vous-avec-maxime\/","og_site_name":"Inclusivemap","article_modified_time":"2024-11-26T01:26:18+00:00","twitter_card":"summary_large_image","twitter_misc":{"Dur\u00e9e de lecture estim\u00e9e":"5 minutes"},"schema":{"@context":"https:\/\/schema.org","@graph":[{"@type":"WebPage","@id":"https:\/\/inclusivemap.ca\/fr\/rendez-vous-avec-maxime\/","url":"https:\/\/inclusivemap.ca\/fr\/rendez-vous-avec-maxime\/","name":"Rendez-Vous Avec Maxime - Inclusivemap","isPartOf":{"@id":"https:\/\/inclusivemap.ca\/fr\/#website"},"primaryImageOfPage":{"@id":"https:\/\/inclusivemap.ca\/fr\/rendez-vous-avec-maxime\/#primaryimage"},"image":{"@id":"https:\/\/inclusivemap.ca\/fr\/rendez-vous-avec-maxime\/#primaryimage"},"thumbnailUrl":"https:\/\/inclusivemap.ca\/wp-content\/uploads\/2021\/12\/Picture1-3-e1662230153919.jpg","datePublished":"2023-01-03T20:06:49+00:00","dateModified":"2024-11-26T01:26:18+00:00","breadcrumb":{"@id":"https:\/\/inclusivemap.ca\/fr\/rendez-vous-avec-maxime\/#breadcrumb"},"inLanguage":"fr-FR","potentialAction":[{"@type":"ReadAction","target":["https:\/\/inclusivemap.ca\/fr\/rendez-vous-avec-maxime\/"]}]},{"@type":"ImageObject","inLanguage":"fr-FR","@id":"https:\/\/inclusivemap.ca\/fr\/rendez-vous-avec-maxime\/#primaryimage","url":"https:\/\/inclusivemap.ca\/wp-content\/uploads\/2021\/12\/Picture1-3-e1662230153919.jpg","contentUrl":"https:\/\/inclusivemap.ca\/wp-content\/uploads\/2021\/12\/Picture1-3-e1662230153919.jpg"},{"@type":"BreadcrumbList","@id":"https:\/\/inclusivemap.ca\/fr\/rendez-vous-avec-maxime\/#breadcrumb","itemListElement":[{"@type":"ListItem","position":1,"name":"Home","item":"https:\/\/inclusivemap.ca\/fr\/"},{"@type":"ListItem","position":2,"name":"Rendez-Vous Avec Maxime"}]},{"@type":"WebSite","@id":"https:\/\/inclusivemap.ca\/fr\/#website","url":"https:\/\/inclusivemap.ca\/fr\/","name":"Inclusivemap","description":"MAP \u2013 Mobility | Access | Participation","publisher":{"@id":"https:\/\/inclusivemap.ca\/fr\/#organization"},"potentialAction":[{"@type":"SearchAction","target":{"@type":"EntryPoint","urlTemplate":"https:\/\/inclusivemap.ca\/fr\/?s={search_term_string}"},"query-input":{"@type":"PropertyValueSpecification","valueRequired":true,"valueName":"search_term_string"}}],"inLanguage":"fr-FR"},{"@type":"Organization","@id":"https:\/\/inclusivemap.ca\/fr\/#organization","name":"Inclusivemap","url":"https:\/\/inclusivemap.ca\/fr\/","logo":{"@type":"ImageObject","inLanguage":"fr-FR","@id":"https:\/\/inclusivemap.ca\/fr\/#\/schema\/logo\/image\/","url":"https:\/\/inclusivemap.ca\/wp-content\/uploads\/2022\/07\/map_bigprint_lighterblue.png","contentUrl":"https:\/\/inclusivemap.ca\/wp-content\/uploads\/2022\/07\/map_bigprint_lighterblue.png","width":8348,"height":4563,"caption":"Inclusivemap"},"image":{"@id":"https:\/\/inclusivemap.ca\/fr\/#\/schema\/logo\/image\/"}}]}},"_links":{"self":[{"href":"https:\/\/inclusivemap.ca\/fr\/wp-json\/wp\/v2\/pages\/1397","targetHints":{"allow":["GET"]}}],"collection":[{"href":"https:\/\/inclusivemap.ca\/fr\/wp-json\/wp\/v2\/pages"}],"about":[{"href":"https:\/\/inclusivemap.ca\/fr\/wp-json\/wp\/v2\/types\/page"}],"author":[{"embeddable":true,"href":"https:\/\/inclusivemap.ca\/fr\/wp-json\/wp\/v2\/users\/6"}],"replies":[{"embeddable":true,"href":"https:\/\/inclusivemap.ca\/fr\/wp-json\/wp\/v2\/comments?post=1397"}],"version-history":[{"count":2,"href":"https:\/\/inclusivemap.ca\/fr\/wp-json\/wp\/v2\/pages\/1397\/revisions"}],"predecessor-version":[{"id":4776,"href":"https:\/\/inclusivemap.ca\/fr\/wp-json\/wp\/v2\/pages\/1397\/revisions\/4776"}],"wp:attachment":[{"href":"https:\/\/inclusivemap.ca\/fr\/wp-json\/wp\/v2\/media?parent=1397"}],"wp:term":[{"taxonomy":"publication_categories","embeddable":true,"href":"https:\/\/inclusivemap.ca\/fr\/wp-json\/wp\/v2\/publication_categories?post=1397"}],"curies":[{"name":"wp","href":"https:\/\/api.w.org\/{rel}","templated":true}]}}