{"id":3483,"date":"2024-06-12T23:09:32","date_gmt":"2024-06-12T23:09:32","guid":{"rendered":"https:\/\/inclusivemap.ca\/?page_id=3483"},"modified":"2024-11-20T17:53:31","modified_gmt":"2024-11-20T17:53:31","slug":"rendez-vous-avec-felix","status":"publish","type":"page","link":"https:\/\/inclusivemap.ca\/fr\/rendez-vous-avec-felix\/","title":{"rendered":"Rendez-Vous Avec Felix"},"content":{"rendered":"\n<div class=\"wp-block-media-text is-stacked-on-mobile\"><figure class=\"wp-block-media-text__media\"><img loading=\"lazy\" decoding=\"async\" width=\"768\" height=\"1024\" src=\"https:\/\/inclusivemap.ca\/wp-content\/uploads\/2024\/06\/image001-768x1024.jpg\" alt=\"\" class=\"wp-image-3487 size-full\" srcset=\"https:\/\/inclusivemap.ca\/wp-content\/uploads\/2024\/06\/image001-768x1024.jpg 768w, https:\/\/inclusivemap.ca\/wp-content\/uploads\/2024\/06\/image001-225x300.jpg 225w, https:\/\/inclusivemap.ca\/wp-content\/uploads\/2024\/06\/image001-1152x1536.jpg 1152w, https:\/\/inclusivemap.ca\/wp-content\/uploads\/2024\/06\/image001-400x533.jpg 400w, https:\/\/inclusivemap.ca\/wp-content\/uploads\/2024\/06\/image001.jpg 1200w\" sizes=\"auto, (max-width: 768px) 100vw, 768px\" \/><\/figure><div class=\"wp-block-media-text__content\">\n<p><strong>Nom : <\/strong>Felix Nindorera<\/p>\n\n\n\n<p><strong>R\u00f4le :<\/strong> Je suis chercheur postdoctoral \u00e0 l\u2019Universit\u00e9 Laval et je me concentre sur les nouvelles technologies d\u2019assistance visant \u00e0 am\u00e9liorer la mobilit\u00e9, l\u2019ind\u00e9pendance dans les activit\u00e9s de la vie quotidienne et la participation sociale chez les personnes avec des incapacit\u00e9s et personnes sans incapacit\u00e9s. Je m\u2019int\u00e9resse \u00e9galement \u00e0 l\u2019activit\u00e9 physique Je m\u2019int\u00e9resse \u00e9galement \u00e0 l\u2019activit\u00e9 physique.<\/p>\n<\/div><\/div>\n\n<p><strong>1) D\u2019o\u00f9 venez-vous et o\u00f9 \u00e9tudiez-vous ? <\/strong> <br\/>Je suis n\u00e9e et j\u2019ai grandi au Burundi, en Afrique de l\u2019Est. Apr\u00e8s avoir \u00e9tudi\u00e9 la kin\u00e9siologie au B\u00e9nin (Afrique de l\u2019Ouest), j\u2019ai d\u00e9m\u00e9nag\u00e9 en Belgique (Europe) o\u00f9 j\u2019ai pass\u00e9 mon doctorat sur l\u2019effet de l\u2019activit\u00e9 physique sur la mobilit\u00e9, l\u2019ind\u00e9pendance et le processus d\u2019apprentissage moteur chez les personnes ayant surv\u00e9cu \u00e0 un accident vasculaire c\u00e9r\u00e9bral.<\/p>\n\n<p>Actuellement, en tant que boursi\u00e8re postdoctorale, j&rsquo;\u00e9tudie l&rsquo;efficacit\u00e9 d&rsquo;une application mobile pour former les \u00e9tudiants en soins de sant\u00e9 et les utilisateurs \u00e0 ajuster et utiliser correctement les aides \u00e0 la marche (d\u00e9ambulateurs, b\u00e9quilles, cannes, etc.). Je participe \u00e9galement \u00e0 un projet de r\u00e9alit\u00e9 virtuelle appliqu\u00e9e aux fauteuils roulants.<\/p>\n\n<p><strong>2) Qu\u2019est-ce qui vous motive \u00e0 rendre le monde plus accessible ?<\/strong> <br\/>La mobilit\u00e9 est un droit de l\u2019homme. Mon r\u00eave le plus profond est donc un monde de libert\u00e9, inclusif et \u00e9quitable, quel que soit le niveau de capacit\u00e9 de chacun.<\/p>\n\n<p><strong>3) Dans un langage simple, d\u00e9cris ton projet de recherche\/le projet dans lequel tu collabores. <\/strong><\/p>\n\n<p>Les aides \u00e0 la marche (b\u00e9quilles, cannes, d\u00e9ambulateurs) sont utilis\u00e9es par plus d\u2019un million de Canadiens, dont 80 % sont des personnes \u00e2g\u00e9es. Je r\u00e9alise actuellement une vaste \u00e9tude sur l\u2019influence d\u2019une application mobile intitul\u00e9e<br\/><strong><em>\u00ab Improving Canadians\u2019 Walking Aid Skills, Learning, and Knowledge \u00bb (ICanWALK\u00a9) <\/em><\/strong><br\/>sur la formation \u00e0 l\u2019adaptation et \u00e0 l\u2019utilisation correctes des aides \u00e0 la marche.<\/p>\n\n<p>Plus de la moiti\u00e9 des participants \u00e0 une \u00e9tude pilote en cours nous ont dit qu&rsquo;ils n&rsquo;avaient jamais appris \u00e0 ajuster les aides \u00e0 la marche ; ils s&rsquo;y habituent d&rsquo;eux-m\u00eames. 75 % des participants ont d\u00e9clar\u00e9 n&rsquo;avoir aucune connaissance ni confiance dans l&rsquo;ajustement des d\u00e9ambulateurs avant d&rsquo;utiliser l&rsquo;application ICanWALK.<\/p>\n\n<p><strong>4) Quel est votre talent cach\u00e9 et votre plus grande qualit\u00e9 ? <\/strong> <\/p>\n\n<p>Je peux bouger mes oreilles facilement<\/p>\n\n<p>Ma plus grande qualit\u00e9\u2026 Je dirais que je suis facile \u00e0 vivre, curieux, discret, motiv\u00e9 et sociable.<\/p>\n\n<p><strong>5) Quelle est la meilleure fa\u00e7on de vous faire sourire ? <\/strong> <\/p>\n\n<p>Musique et danse<br\/><\/p>\n\n<p><strong>6) Qu\u2019est-ce que vous aimez faire pendant ton temps libre ? <\/strong> <\/p>\n\n<p>Sports (v\u00e9lo ou jogging) OU jouer du piano ou de la guitare<\/p>\n\n<p><strong>7) Quel endroit dans le monde r\u00eavez-vous de visiter? <\/strong> <\/p>\n\n<p>Madrid! A la d\u00e9couverte du Bernabeu, le nouveau stade du Real Madrid<br\/><\/p>\n\n<p><strong> 8) Si vous pouviez d\u00eener avec un chercheur\/scientifique\/clinicien\/personne connu, qui serait-il et pourquoi ?<\/strong><\/p>\n\n<p>Ludwig Guttmann, un m\u00e9decin qui a invent\u00e9 le sport pour les personnes des incapacit\u00e9s physiques apr\u00e8s la Premi\u00e8re Guerre mondiale. En 1948, les Jeux mondiaux des amput\u00e9s et des fauteuils roulants ont \u00e9t\u00e9 lanc\u00e9s. Je voudrais le remercier et lui demander de collaborer \u00e0 une recherche visant \u00e0 \u00e9valuer l&rsquo;\u00e9tat de l&rsquo;acc\u00e8s au sport pour les personnes handicap\u00e9es plus de 70 ans plus tard.<\/p>\n\n<p>Je pense \u00e9galement \u00e0 Jason Smyth, qui est devenu l&rsquo;athl\u00e8te paralympique le plus rapide de l&rsquo;histoire lors de la finale des Jeux paralympiques de Londres 2012, avec un temps record de 10 s 46.<\/p>\n\n<p>I have other great names like Nelson Mandela and Martin Luther King<\/p>\n\n<div class=\"wp-block-buttons alignwide has-custom-font-size aligncenter is-style-outline has-small-font-size is-content-justification-center is-layout-flex wp-container-core-buttons-is-layout-e4b7dc7f wp-block-buttons-is-layout-flex\" style=\"padding-top:var(--wp--preset--spacing--50);padding-bottom:var(--wp--preset--spacing--50)\">\n<div class=\"wp-block-button has-custom-width wp-block-button__width-100 has-custom-font-size aligncenter is-style-outline has-small-font-size is-style-outline--1\"><a class=\"wp-block-button__link has-primary-color has-tertiary-background-color has-text-color has-background has-link-color wp-element-button\" href=\"https:\/\/inclusivemap.ca\/newsletter\/newsletter-issue-4\/\" style=\"padding-top:var(--wp--preset--spacing--50);padding-bottom:var(--wp--preset--spacing--50)\">Return to Newsletter<\/a><\/div>\n<\/div>\n","protected":false},"excerpt":{"rendered":"<p>Nom : Felix Nindorera R\u00f4le : Je suis chercheur postdoctoral \u00e0 l\u2019Universit\u00e9 Laval et je me concentre sur les nouvelles technologies d\u2019assistance visant \u00e0 am\u00e9liorer la mobilit\u00e9, l\u2019ind\u00e9pendance dans les activit\u00e9s de la vie quotidienne et la participation sociale chez les personnes avec des incapacit\u00e9s et personnes sans incapacit\u00e9s. Je m\u2019int\u00e9resse \u00e9galement \u00e0 l\u2019activit\u00e9 physique<a class=\"more-link\" href=\"https:\/\/inclusivemap.ca\/fr\/rendez-vous-avec-felix\/\">Poursuivre la lecture de <span class=\"screen-reader-text\">\u00ab\u00a0Rendez-Vous Avec Felix\u00a0\u00bb<\/span><\/a><\/p>\n","protected":false},"author":6,"featured_media":0,"parent":0,"menu_order":0,"comment_status":"closed","ping_status":"closed","template":"","meta":{"_acf_changed":false,"inline_featured_image":false,"footnotes":""},"publication_categories":[],"class_list":["post-3483","page","type-page","status-publish","hentry","entry"],"acf":[],"yoast_head":"<!-- This site is optimized with the Yoast SEO plugin v26.9 - https:\/\/yoast.com\/product\/yoast-seo-wordpress\/ -->\n<title>Rendez-Vous Avec Felix - Inclusivemap<\/title>\n<meta name=\"robots\" content=\"index, follow, max-snippet:-1, max-image-preview:large, max-video-preview:-1\" \/>\n<link rel=\"canonical\" href=\"https:\/\/inclusivemap.ca\/fr\/rendez-vous-avec-felix\/\" \/>\n<meta property=\"og:locale\" content=\"fr_FR\" \/>\n<meta property=\"og:type\" content=\"article\" \/>\n<meta property=\"og:title\" content=\"Rendez-Vous Avec Felix - Inclusivemap\" \/>\n<meta property=\"og:description\" content=\"Nom : Felix Nindorera R\u00f4le : Je suis chercheur postdoctoral \u00e0 l\u2019Universit\u00e9 Laval et je me concentre sur les nouvelles technologies d\u2019assistance visant \u00e0 am\u00e9liorer la mobilit\u00e9, l\u2019ind\u00e9pendance dans les activit\u00e9s de la vie quotidienne et la participation sociale chez les personnes avec des incapacit\u00e9s et personnes sans incapacit\u00e9s. Je m\u2019int\u00e9resse \u00e9galement \u00e0 l\u2019activit\u00e9 physiquePoursuivre la lecture de &quot;Rendez-Vous Avec Felix&quot;\" \/>\n<meta property=\"og:url\" content=\"https:\/\/inclusivemap.ca\/fr\/rendez-vous-avec-felix\/\" \/>\n<meta property=\"og:site_name\" content=\"Inclusivemap\" \/>\n<meta property=\"article:modified_time\" content=\"2024-11-20T17:53:31+00:00\" \/>\n<meta property=\"og:image\" content=\"https:\/\/inclusivemap.ca\/wp-content\/uploads\/2024\/06\/image001.jpg\" \/>\n\t<meta property=\"og:image:width\" content=\"1200\" \/>\n\t<meta property=\"og:image:height\" content=\"1600\" \/>\n\t<meta property=\"og:image:type\" content=\"image\/jpeg\" \/>\n<meta name=\"twitter:card\" content=\"summary_large_image\" \/>\n<meta name=\"twitter:label1\" content=\"Dur\u00e9e de lecture estim\u00e9e\" \/>\n\t<meta name=\"twitter:data1\" content=\"3 minutes\" \/>\n<script type=\"application\/ld+json\" class=\"yoast-schema-graph\">{\"@context\":\"https:\/\/schema.org\",\"@graph\":[{\"@type\":\"WebPage\",\"@id\":\"https:\/\/inclusivemap.ca\/fr\/rendez-vous-avec-felix\/\",\"url\":\"https:\/\/inclusivemap.ca\/fr\/rendez-vous-avec-felix\/\",\"name\":\"Rendez-Vous Avec Felix - Inclusivemap\",\"isPartOf\":{\"@id\":\"https:\/\/inclusivemap.ca\/fr\/#website\"},\"primaryImageOfPage\":{\"@id\":\"https:\/\/inclusivemap.ca\/fr\/rendez-vous-avec-felix\/#primaryimage\"},\"image\":{\"@id\":\"https:\/\/inclusivemap.ca\/fr\/rendez-vous-avec-felix\/#primaryimage\"},\"thumbnailUrl\":\"https:\/\/inclusivemap.ca\/wp-content\/uploads\/2024\/06\/image001-768x1024.jpg\",\"datePublished\":\"2024-06-12T23:09:32+00:00\",\"dateModified\":\"2024-11-20T17:53:31+00:00\",\"breadcrumb\":{\"@id\":\"https:\/\/inclusivemap.ca\/fr\/rendez-vous-avec-felix\/#breadcrumb\"},\"inLanguage\":\"fr-FR\",\"potentialAction\":[{\"@type\":\"ReadAction\",\"target\":[\"https:\/\/inclusivemap.ca\/fr\/rendez-vous-avec-felix\/\"]}]},{\"@type\":\"ImageObject\",\"inLanguage\":\"fr-FR\",\"@id\":\"https:\/\/inclusivemap.ca\/fr\/rendez-vous-avec-felix\/#primaryimage\",\"url\":\"https:\/\/inclusivemap.ca\/wp-content\/uploads\/2024\/06\/image001-768x1024.jpg\",\"contentUrl\":\"https:\/\/inclusivemap.ca\/wp-content\/uploads\/2024\/06\/image001-768x1024.jpg\"},{\"@type\":\"BreadcrumbList\",\"@id\":\"https:\/\/inclusivemap.ca\/fr\/rendez-vous-avec-felix\/#breadcrumb\",\"itemListElement\":[{\"@type\":\"ListItem\",\"position\":1,\"name\":\"Home\",\"item\":\"https:\/\/inclusivemap.ca\/fr\/\"},{\"@type\":\"ListItem\",\"position\":2,\"name\":\"Rendez-Vous Avec Felix\"}]},{\"@type\":\"WebSite\",\"@id\":\"https:\/\/inclusivemap.ca\/fr\/#website\",\"url\":\"https:\/\/inclusivemap.ca\/fr\/\",\"name\":\"Inclusivemap\",\"description\":\"MAP \u2013 Mobility | Access | Participation\",\"publisher\":{\"@id\":\"https:\/\/inclusivemap.ca\/fr\/#organization\"},\"potentialAction\":[{\"@type\":\"SearchAction\",\"target\":{\"@type\":\"EntryPoint\",\"urlTemplate\":\"https:\/\/inclusivemap.ca\/fr\/?s={search_term_string}\"},\"query-input\":{\"@type\":\"PropertyValueSpecification\",\"valueRequired\":true,\"valueName\":\"search_term_string\"}}],\"inLanguage\":\"fr-FR\"},{\"@type\":\"Organization\",\"@id\":\"https:\/\/inclusivemap.ca\/fr\/#organization\",\"name\":\"Inclusivemap\",\"url\":\"https:\/\/inclusivemap.ca\/fr\/\",\"logo\":{\"@type\":\"ImageObject\",\"inLanguage\":\"fr-FR\",\"@id\":\"https:\/\/inclusivemap.ca\/fr\/#\/schema\/logo\/image\/\",\"url\":\"https:\/\/inclusivemap.ca\/wp-content\/uploads\/2022\/07\/map_bigprint_lighterblue.png\",\"contentUrl\":\"https:\/\/inclusivemap.ca\/wp-content\/uploads\/2022\/07\/map_bigprint_lighterblue.png\",\"width\":8348,\"height\":4563,\"caption\":\"Inclusivemap\"},\"image\":{\"@id\":\"https:\/\/inclusivemap.ca\/fr\/#\/schema\/logo\/image\/\"}}]}<\/script>\n<!-- \/ Yoast SEO plugin. -->","yoast_head_json":{"title":"Rendez-Vous Avec Felix - Inclusivemap","robots":{"index":"index","follow":"follow","max-snippet":"max-snippet:-1","max-image-preview":"max-image-preview:large","max-video-preview":"max-video-preview:-1"},"canonical":"https:\/\/inclusivemap.ca\/fr\/rendez-vous-avec-felix\/","og_locale":"fr_FR","og_type":"article","og_title":"Rendez-Vous Avec Felix - Inclusivemap","og_description":"Nom : Felix Nindorera R\u00f4le : Je suis chercheur postdoctoral \u00e0 l\u2019Universit\u00e9 Laval et je me concentre sur les nouvelles technologies d\u2019assistance visant \u00e0 am\u00e9liorer la mobilit\u00e9, l\u2019ind\u00e9pendance dans les activit\u00e9s de la vie quotidienne et la participation sociale chez les personnes avec des incapacit\u00e9s et personnes sans incapacit\u00e9s. Je m\u2019int\u00e9resse \u00e9galement \u00e0 l\u2019activit\u00e9 physiquePoursuivre la lecture de \"Rendez-Vous Avec Felix\"","og_url":"https:\/\/inclusivemap.ca\/fr\/rendez-vous-avec-felix\/","og_site_name":"Inclusivemap","article_modified_time":"2024-11-20T17:53:31+00:00","og_image":[{"width":1200,"height":1600,"url":"https:\/\/inclusivemap.ca\/wp-content\/uploads\/2024\/06\/image001.jpg","type":"image\/jpeg"}],"twitter_card":"summary_large_image","twitter_misc":{"Dur\u00e9e de lecture estim\u00e9e":"3 minutes"},"schema":{"@context":"https:\/\/schema.org","@graph":[{"@type":"WebPage","@id":"https:\/\/inclusivemap.ca\/fr\/rendez-vous-avec-felix\/","url":"https:\/\/inclusivemap.ca\/fr\/rendez-vous-avec-felix\/","name":"Rendez-Vous Avec Felix - Inclusivemap","isPartOf":{"@id":"https:\/\/inclusivemap.ca\/fr\/#website"},"primaryImageOfPage":{"@id":"https:\/\/inclusivemap.ca\/fr\/rendez-vous-avec-felix\/#primaryimage"},"image":{"@id":"https:\/\/inclusivemap.ca\/fr\/rendez-vous-avec-felix\/#primaryimage"},"thumbnailUrl":"https:\/\/inclusivemap.ca\/wp-content\/uploads\/2024\/06\/image001-768x1024.jpg","datePublished":"2024-06-12T23:09:32+00:00","dateModified":"2024-11-20T17:53:31+00:00","breadcrumb":{"@id":"https:\/\/inclusivemap.ca\/fr\/rendez-vous-avec-felix\/#breadcrumb"},"inLanguage":"fr-FR","potentialAction":[{"@type":"ReadAction","target":["https:\/\/inclusivemap.ca\/fr\/rendez-vous-avec-felix\/"]}]},{"@type":"ImageObject","inLanguage":"fr-FR","@id":"https:\/\/inclusivemap.ca\/fr\/rendez-vous-avec-felix\/#primaryimage","url":"https:\/\/inclusivemap.ca\/wp-content\/uploads\/2024\/06\/image001-768x1024.jpg","contentUrl":"https:\/\/inclusivemap.ca\/wp-content\/uploads\/2024\/06\/image001-768x1024.jpg"},{"@type":"BreadcrumbList","@id":"https:\/\/inclusivemap.ca\/fr\/rendez-vous-avec-felix\/#breadcrumb","itemListElement":[{"@type":"ListItem","position":1,"name":"Home","item":"https:\/\/inclusivemap.ca\/fr\/"},{"@type":"ListItem","position":2,"name":"Rendez-Vous Avec Felix"}]},{"@type":"WebSite","@id":"https:\/\/inclusivemap.ca\/fr\/#website","url":"https:\/\/inclusivemap.ca\/fr\/","name":"Inclusivemap","description":"MAP \u2013 Mobility | Access | Participation","publisher":{"@id":"https:\/\/inclusivemap.ca\/fr\/#organization"},"potentialAction":[{"@type":"SearchAction","target":{"@type":"EntryPoint","urlTemplate":"https:\/\/inclusivemap.ca\/fr\/?s={search_term_string}"},"query-input":{"@type":"PropertyValueSpecification","valueRequired":true,"valueName":"search_term_string"}}],"inLanguage":"fr-FR"},{"@type":"Organization","@id":"https:\/\/inclusivemap.ca\/fr\/#organization","name":"Inclusivemap","url":"https:\/\/inclusivemap.ca\/fr\/","logo":{"@type":"ImageObject","inLanguage":"fr-FR","@id":"https:\/\/inclusivemap.ca\/fr\/#\/schema\/logo\/image\/","url":"https:\/\/inclusivemap.ca\/wp-content\/uploads\/2022\/07\/map_bigprint_lighterblue.png","contentUrl":"https:\/\/inclusivemap.ca\/wp-content\/uploads\/2022\/07\/map_bigprint_lighterblue.png","width":8348,"height":4563,"caption":"Inclusivemap"},"image":{"@id":"https:\/\/inclusivemap.ca\/fr\/#\/schema\/logo\/image\/"}}]}},"_links":{"self":[{"href":"https:\/\/inclusivemap.ca\/fr\/wp-json\/wp\/v2\/pages\/3483","targetHints":{"allow":["GET"]}}],"collection":[{"href":"https:\/\/inclusivemap.ca\/fr\/wp-json\/wp\/v2\/pages"}],"about":[{"href":"https:\/\/inclusivemap.ca\/fr\/wp-json\/wp\/v2\/types\/page"}],"author":[{"embeddable":true,"href":"https:\/\/inclusivemap.ca\/fr\/wp-json\/wp\/v2\/users\/6"}],"replies":[{"embeddable":true,"href":"https:\/\/inclusivemap.ca\/fr\/wp-json\/wp\/v2\/comments?post=3483"}],"version-history":[{"count":12,"href":"https:\/\/inclusivemap.ca\/fr\/wp-json\/wp\/v2\/pages\/3483\/revisions"}],"predecessor-version":[{"id":4708,"href":"https:\/\/inclusivemap.ca\/fr\/wp-json\/wp\/v2\/pages\/3483\/revisions\/4708"}],"wp:attachment":[{"href":"https:\/\/inclusivemap.ca\/fr\/wp-json\/wp\/v2\/media?parent=3483"}],"wp:term":[{"taxonomy":"publication_categories","embeddable":true,"href":"https:\/\/inclusivemap.ca\/fr\/wp-json\/wp\/v2\/publication_categories?post=3483"}],"curies":[{"name":"wp","href":"https:\/\/api.w.org\/{rel}","templated":true}]}}