{"id":3559,"date":"2024-06-19T22:24:53","date_gmt":"2024-06-19T22:24:53","guid":{"rendered":"https:\/\/inclusivemap.ca\/les-membres-de-lequipe-map-ont-participe-au-congres-repar-les-23-et-24-mai-2024\/"},"modified":"2024-06-19T22:46:05","modified_gmt":"2024-06-19T22:46:05","slug":"les-membres-de-lequipe-map-ont-participe-au-congres-repar-les-23-et-24-mai-2024","status":"publish","type":"page","link":"https:\/\/inclusivemap.ca\/fr\/les-membres-de-lequipe-map-ont-participe-au-congres-repar-les-23-et-24-mai-2024\/","title":{"rendered":"Les membres de l&rsquo;\u00e9quipe MAP ont particip\u00e9 au Congr\u00e8s REPAR les 23 et 24 mai 2024 !"},"content":{"rendered":"\n<p>D\u00e9couvrez quelques photos de l&rsquo;\u00e9v\u00e9nement :<\/p>\n\n<figure class=\"wp-block-image size-large\"><img loading=\"lazy\" decoding=\"async\" width=\"1024\" height=\"683\" src=\"https:\/\/inclusivemap.ca\/wp-content\/uploads\/2024\/06\/new-1024x683.jpg\" alt=\"\" class=\"wp-image-3545\" srcset=\"https:\/\/inclusivemap.ca\/wp-content\/uploads\/2024\/06\/new-1024x683.jpg 1024w, https:\/\/inclusivemap.ca\/wp-content\/uploads\/2024\/06\/new-300x200.jpg 300w, https:\/\/inclusivemap.ca\/wp-content\/uploads\/2024\/06\/new-768x512.jpg 768w, https:\/\/inclusivemap.ca\/wp-content\/uploads\/2024\/06\/new-1536x1024.jpg 1536w, https:\/\/inclusivemap.ca\/wp-content\/uploads\/2024\/06\/new-2048x1365.jpg 2048w, https:\/\/inclusivemap.ca\/wp-content\/uploads\/2024\/06\/new-400x267.jpg 400w, https:\/\/inclusivemap.ca\/wp-content\/uploads\/2024\/06\/new-1568x1045.jpg 1568w\" sizes=\"auto, (max-width: 1024px) 100vw, 1024px\" \/><figcaption class=\"wp-element-caption\">Alicia Ruiz Rodrigo fait une pr\u00e9sentation<\/figcaption><\/figure>\n<figure class=\"wp-block-image size-large\"><img loading=\"lazy\" decoding=\"async\" width=\"1024\" height=\"682\" src=\"https:\/\/inclusivemap.ca\/wp-content\/uploads\/2024\/06\/new4-1024x682.jpg\" alt=\"Krista Best anime une activit&#xE9; dans la tani&#xE8;re des dragons\" class=\"wp-image-3532\" srcset=\"https:\/\/inclusivemap.ca\/wp-content\/uploads\/2024\/06\/new4-1024x682.jpg 1024w, https:\/\/inclusivemap.ca\/wp-content\/uploads\/2024\/06\/new4-300x200.jpg 300w, https:\/\/inclusivemap.ca\/wp-content\/uploads\/2024\/06\/new4-768x511.jpg 768w, https:\/\/inclusivemap.ca\/wp-content\/uploads\/2024\/06\/new4-1536x1022.jpg 1536w, https:\/\/inclusivemap.ca\/wp-content\/uploads\/2024\/06\/new4-400x266.jpg 400w, https:\/\/inclusivemap.ca\/wp-content\/uploads\/2024\/06\/new4-1568x1044.jpg 1568w, https:\/\/inclusivemap.ca\/wp-content\/uploads\/2024\/06\/new4.jpg 2048w\" sizes=\"auto, (max-width: 1024px) 100vw, 1024px\" \/><figcaption class=\"wp-element-caption\">Krista Best anime une activit\u00e9 de repaire de dragons lors de la conf\u00e9rence<\/figcaption><\/figure>\n<figure class=\"wp-block-image size-large\"><img loading=\"lazy\" decoding=\"async\" width=\"1024\" height=\"682\" src=\"https:\/\/inclusivemap.ca\/wp-content\/uploads\/2024\/06\/New3-1024x682.jpg\" alt=\"\" class=\"wp-image-3530\" srcset=\"https:\/\/inclusivemap.ca\/wp-content\/uploads\/2024\/06\/New3-1024x682.jpg 1024w, https:\/\/inclusivemap.ca\/wp-content\/uploads\/2024\/06\/New3-300x200.jpg 300w, https:\/\/inclusivemap.ca\/wp-content\/uploads\/2024\/06\/New3-768x511.jpg 768w, https:\/\/inclusivemap.ca\/wp-content\/uploads\/2024\/06\/New3-1536x1022.jpg 1536w, https:\/\/inclusivemap.ca\/wp-content\/uploads\/2024\/06\/New3-400x266.jpg 400w, https:\/\/inclusivemap.ca\/wp-content\/uploads\/2024\/06\/New3-1568x1044.jpg 1568w, https:\/\/inclusivemap.ca\/wp-content\/uploads\/2024\/06\/New3.jpg 2048w\" sizes=\"auto, (max-width: 1024px) 100vw, 1024px\" \/><figcaption class=\"wp-element-caption\">Margaux Hebinck pr\u00e9sente un poster<\/figcaption><\/figure>\n<figure class=\"wp-block-image size-large\"><img loading=\"lazy\" decoding=\"async\" width=\"1024\" height=\"682\" src=\"https:\/\/inclusivemap.ca\/wp-content\/uploads\/2024\/06\/NEWRepar-2024-171-1024x682.jpg\" alt=\"\" class=\"wp-image-3526\" srcset=\"https:\/\/inclusivemap.ca\/wp-content\/uploads\/2024\/06\/NEWRepar-2024-171-1024x682.jpg 1024w, https:\/\/inclusivemap.ca\/wp-content\/uploads\/2024\/06\/NEWRepar-2024-171-300x200.jpg 300w, https:\/\/inclusivemap.ca\/wp-content\/uploads\/2024\/06\/NEWRepar-2024-171-768x511.jpg 768w, https:\/\/inclusivemap.ca\/wp-content\/uploads\/2024\/06\/NEWRepar-2024-171-1536x1022.jpg 1536w, https:\/\/inclusivemap.ca\/wp-content\/uploads\/2024\/06\/NEWRepar-2024-171-400x266.jpg 400w, https:\/\/inclusivemap.ca\/wp-content\/uploads\/2024\/06\/NEWRepar-2024-171-1568x1044.jpg 1568w, https:\/\/inclusivemap.ca\/wp-content\/uploads\/2024\/06\/NEWRepar-2024-171.jpg 2048w\" sizes=\"auto, (max-width: 1024px) 100vw, 1024px\" \/><figcaption class=\"wp-element-caption\">Joanie Bedard re\u00e7oit le prix du poster<\/figcaption><\/figure>\n<figure class=\"wp-block-image size-large\"><img loading=\"lazy\" decoding=\"async\" width=\"1024\" height=\"682\" src=\"https:\/\/inclusivemap.ca\/wp-content\/uploads\/2024\/06\/new8-1024x682.jpg\" alt=\"\" class=\"wp-image-3549\" srcset=\"https:\/\/inclusivemap.ca\/wp-content\/uploads\/2024\/06\/new8-1024x682.jpg 1024w, https:\/\/inclusivemap.ca\/wp-content\/uploads\/2024\/06\/new8-300x200.jpg 300w, https:\/\/inclusivemap.ca\/wp-content\/uploads\/2024\/06\/new8-768x511.jpg 768w, https:\/\/inclusivemap.ca\/wp-content\/uploads\/2024\/06\/new8-1536x1022.jpg 1536w, https:\/\/inclusivemap.ca\/wp-content\/uploads\/2024\/06\/new8-400x266.jpg 400w, https:\/\/inclusivemap.ca\/wp-content\/uploads\/2024\/06\/new8-1568x1044.jpg 1568w, https:\/\/inclusivemap.ca\/wp-content\/uploads\/2024\/06\/new8.jpg 2048w\" sizes=\"auto, (max-width: 1024px) 100vw, 1024px\" \/><figcaption class=\"wp-element-caption\">Maxime Kiki participe \u00e0 une session de la conf\u00e9rence<\/figcaption><\/figure>\n<figure class=\"wp-block-image size-large\"><img loading=\"lazy\" decoding=\"async\" width=\"1024\" height=\"682\" src=\"https:\/\/inclusivemap.ca\/wp-content\/uploads\/2024\/06\/new9-1024x682.jpg\" alt=\"\" class=\"wp-image-3551\" srcset=\"https:\/\/inclusivemap.ca\/wp-content\/uploads\/2024\/06\/new9-1024x682.jpg 1024w, https:\/\/inclusivemap.ca\/wp-content\/uploads\/2024\/06\/new9-300x200.jpg 300w, https:\/\/inclusivemap.ca\/wp-content\/uploads\/2024\/06\/new9-768x511.jpg 768w, https:\/\/inclusivemap.ca\/wp-content\/uploads\/2024\/06\/new9-1536x1022.jpg 1536w, https:\/\/inclusivemap.ca\/wp-content\/uploads\/2024\/06\/new9-400x266.jpg 400w, https:\/\/inclusivemap.ca\/wp-content\/uploads\/2024\/06\/new9-1568x1044.jpg 1568w, https:\/\/inclusivemap.ca\/wp-content\/uploads\/2024\/06\/new9.jpg 2048w\" sizes=\"auto, (max-width: 1024px) 100vw, 1024px\" \/><figcaption class=\"wp-element-caption\">Marie-Eve Lamontagne travaille avec d&rsquo;autres participants \u00e0 la conf\u00e9rence<\/figcaption><\/figure>\n<figure class=\"wp-block-image size-large\"><img loading=\"lazy\" decoding=\"async\" width=\"1024\" height=\"682\" src=\"https:\/\/inclusivemap.ca\/wp-content\/uploads\/2024\/06\/Francois-1024x682.jpg\" alt=\"\" class=\"wp-image-3553\" srcset=\"https:\/\/inclusivemap.ca\/wp-content\/uploads\/2024\/06\/Francois-1024x682.jpg 1024w, https:\/\/inclusivemap.ca\/wp-content\/uploads\/2024\/06\/Francois-300x200.jpg 300w, https:\/\/inclusivemap.ca\/wp-content\/uploads\/2024\/06\/Francois-768x511.jpg 768w, https:\/\/inclusivemap.ca\/wp-content\/uploads\/2024\/06\/Francois-1536x1022.jpg 1536w, https:\/\/inclusivemap.ca\/wp-content\/uploads\/2024\/06\/Francois-400x266.jpg 400w, https:\/\/inclusivemap.ca\/wp-content\/uploads\/2024\/06\/Francois-1568x1044.jpg 1568w, https:\/\/inclusivemap.ca\/wp-content\/uploads\/2024\/06\/Francois.jpg 2048w\" sizes=\"auto, (max-width: 1024px) 100vw, 1024px\" \/><figcaption class=\"wp-element-caption\">Fran\u00e7ois s&rsquo;exprime lors de la conf\u00e9rence<\/figcaption><\/figure>","protected":false},"excerpt":{"rendered":"<p>D\u00e9couvrez quelques photos de l&rsquo;\u00e9v\u00e9nement :<\/p>\n","protected":false},"author":6,"featured_media":0,"parent":0,"menu_order":0,"comment_status":"closed","ping_status":"closed","template":"","meta":{"_acf_changed":false,"inline_featured_image":false,"footnotes":""},"publication_categories":[],"class_list":["post-3559","page","type-page","status-publish","hentry","entry"],"acf":[],"yoast_head":"<!-- This site is optimized with the Yoast SEO plugin v26.9 - https:\/\/yoast.com\/product\/yoast-seo-wordpress\/ -->\n<title>Les membres de l&#039;\u00e9quipe MAP ont particip\u00e9 au Congr\u00e8s REPAR les 23 et 24 mai 2024 ! - Inclusivemap<\/title>\n<meta name=\"robots\" content=\"index, follow, max-snippet:-1, max-image-preview:large, max-video-preview:-1\" \/>\n<link rel=\"canonical\" href=\"https:\/\/inclusivemap.ca\/fr\/les-membres-de-lequipe-map-ont-participe-au-congres-repar-les-23-et-24-mai-2024\/\" \/>\n<meta property=\"og:locale\" content=\"fr_FR\" \/>\n<meta property=\"og:type\" content=\"article\" \/>\n<meta property=\"og:title\" content=\"Les membres de l&#039;\u00e9quipe MAP ont particip\u00e9 au Congr\u00e8s REPAR les 23 et 24 mai 2024 ! - Inclusivemap\" \/>\n<meta property=\"og:description\" content=\"D\u00e9couvrez quelques photos de l&rsquo;\u00e9v\u00e9nement :\" \/>\n<meta property=\"og:url\" content=\"https:\/\/inclusivemap.ca\/fr\/les-membres-de-lequipe-map-ont-participe-au-congres-repar-les-23-et-24-mai-2024\/\" \/>\n<meta property=\"og:site_name\" content=\"Inclusivemap\" \/>\n<meta property=\"article:modified_time\" content=\"2024-06-19T22:46:05+00:00\" \/>\n<meta property=\"og:image\" content=\"https:\/\/inclusivemap.ca\/wp-content\/uploads\/2024\/06\/new-1024x683.jpg\" \/>\n<meta name=\"twitter:card\" content=\"summary_large_image\" \/>\n<script type=\"application\/ld+json\" class=\"yoast-schema-graph\">{\"@context\":\"https:\/\/schema.org\",\"@graph\":[{\"@type\":\"WebPage\",\"@id\":\"https:\/\/inclusivemap.ca\/fr\/les-membres-de-lequipe-map-ont-participe-au-congres-repar-les-23-et-24-mai-2024\/\",\"url\":\"https:\/\/inclusivemap.ca\/fr\/les-membres-de-lequipe-map-ont-participe-au-congres-repar-les-23-et-24-mai-2024\/\",\"name\":\"Les membres de l'\u00e9quipe MAP ont particip\u00e9 au Congr\u00e8s REPAR les 23 et 24 mai 2024 ! - Inclusivemap\",\"isPartOf\":{\"@id\":\"https:\/\/inclusivemap.ca\/fr\/#website\"},\"primaryImageOfPage\":{\"@id\":\"https:\/\/inclusivemap.ca\/fr\/les-membres-de-lequipe-map-ont-participe-au-congres-repar-les-23-et-24-mai-2024\/#primaryimage\"},\"image\":{\"@id\":\"https:\/\/inclusivemap.ca\/fr\/les-membres-de-lequipe-map-ont-participe-au-congres-repar-les-23-et-24-mai-2024\/#primaryimage\"},\"thumbnailUrl\":\"https:\/\/inclusivemap.ca\/wp-content\/uploads\/2024\/06\/new-1024x683.jpg\",\"datePublished\":\"2024-06-19T22:24:53+00:00\",\"dateModified\":\"2024-06-19T22:46:05+00:00\",\"breadcrumb\":{\"@id\":\"https:\/\/inclusivemap.ca\/fr\/les-membres-de-lequipe-map-ont-participe-au-congres-repar-les-23-et-24-mai-2024\/#breadcrumb\"},\"inLanguage\":\"fr-FR\",\"potentialAction\":[{\"@type\":\"ReadAction\",\"target\":[\"https:\/\/inclusivemap.ca\/fr\/les-membres-de-lequipe-map-ont-participe-au-congres-repar-les-23-et-24-mai-2024\/\"]}]},{\"@type\":\"ImageObject\",\"inLanguage\":\"fr-FR\",\"@id\":\"https:\/\/inclusivemap.ca\/fr\/les-membres-de-lequipe-map-ont-participe-au-congres-repar-les-23-et-24-mai-2024\/#primaryimage\",\"url\":\"https:\/\/inclusivemap.ca\/wp-content\/uploads\/2024\/06\/new-1024x683.jpg\",\"contentUrl\":\"https:\/\/inclusivemap.ca\/wp-content\/uploads\/2024\/06\/new-1024x683.jpg\"},{\"@type\":\"BreadcrumbList\",\"@id\":\"https:\/\/inclusivemap.ca\/fr\/les-membres-de-lequipe-map-ont-participe-au-congres-repar-les-23-et-24-mai-2024\/#breadcrumb\",\"itemListElement\":[{\"@type\":\"ListItem\",\"position\":1,\"name\":\"Home\",\"item\":\"https:\/\/inclusivemap.ca\/fr\/\"},{\"@type\":\"ListItem\",\"position\":2,\"name\":\"Les membres de l&#8217;\u00e9quipe MAP ont particip\u00e9 au Congr\u00e8s REPAR les 23 et 24 mai 2024 !\"}]},{\"@type\":\"WebSite\",\"@id\":\"https:\/\/inclusivemap.ca\/fr\/#website\",\"url\":\"https:\/\/inclusivemap.ca\/fr\/\",\"name\":\"Inclusivemap\",\"description\":\"MAP \u2013 Mobility | Access | Participation\",\"publisher\":{\"@id\":\"https:\/\/inclusivemap.ca\/fr\/#organization\"},\"potentialAction\":[{\"@type\":\"SearchAction\",\"target\":{\"@type\":\"EntryPoint\",\"urlTemplate\":\"https:\/\/inclusivemap.ca\/fr\/?s={search_term_string}\"},\"query-input\":{\"@type\":\"PropertyValueSpecification\",\"valueRequired\":true,\"valueName\":\"search_term_string\"}}],\"inLanguage\":\"fr-FR\"},{\"@type\":\"Organization\",\"@id\":\"https:\/\/inclusivemap.ca\/fr\/#organization\",\"name\":\"Inclusivemap\",\"url\":\"https:\/\/inclusivemap.ca\/fr\/\",\"logo\":{\"@type\":\"ImageObject\",\"inLanguage\":\"fr-FR\",\"@id\":\"https:\/\/inclusivemap.ca\/fr\/#\/schema\/logo\/image\/\",\"url\":\"https:\/\/inclusivemap.ca\/wp-content\/uploads\/2022\/07\/map_bigprint_lighterblue.png\",\"contentUrl\":\"https:\/\/inclusivemap.ca\/wp-content\/uploads\/2022\/07\/map_bigprint_lighterblue.png\",\"width\":8348,\"height\":4563,\"caption\":\"Inclusivemap\"},\"image\":{\"@id\":\"https:\/\/inclusivemap.ca\/fr\/#\/schema\/logo\/image\/\"}}]}<\/script>\n<!-- \/ Yoast SEO plugin. -->","yoast_head_json":{"title":"Les membres de l'\u00e9quipe MAP ont particip\u00e9 au Congr\u00e8s REPAR les 23 et 24 mai 2024 ! - Inclusivemap","robots":{"index":"index","follow":"follow","max-snippet":"max-snippet:-1","max-image-preview":"max-image-preview:large","max-video-preview":"max-video-preview:-1"},"canonical":"https:\/\/inclusivemap.ca\/fr\/les-membres-de-lequipe-map-ont-participe-au-congres-repar-les-23-et-24-mai-2024\/","og_locale":"fr_FR","og_type":"article","og_title":"Les membres de l'\u00e9quipe MAP ont particip\u00e9 au Congr\u00e8s REPAR les 23 et 24 mai 2024 ! - Inclusivemap","og_description":"D\u00e9couvrez quelques photos de l&rsquo;\u00e9v\u00e9nement :","og_url":"https:\/\/inclusivemap.ca\/fr\/les-membres-de-lequipe-map-ont-participe-au-congres-repar-les-23-et-24-mai-2024\/","og_site_name":"Inclusivemap","article_modified_time":"2024-06-19T22:46:05+00:00","og_image":[{"url":"https:\/\/inclusivemap.ca\/wp-content\/uploads\/2024\/06\/new-1024x683.jpg","type":"","width":"","height":""}],"twitter_card":"summary_large_image","schema":{"@context":"https:\/\/schema.org","@graph":[{"@type":"WebPage","@id":"https:\/\/inclusivemap.ca\/fr\/les-membres-de-lequipe-map-ont-participe-au-congres-repar-les-23-et-24-mai-2024\/","url":"https:\/\/inclusivemap.ca\/fr\/les-membres-de-lequipe-map-ont-participe-au-congres-repar-les-23-et-24-mai-2024\/","name":"Les membres de l'\u00e9quipe MAP ont particip\u00e9 au Congr\u00e8s REPAR les 23 et 24 mai 2024 ! - Inclusivemap","isPartOf":{"@id":"https:\/\/inclusivemap.ca\/fr\/#website"},"primaryImageOfPage":{"@id":"https:\/\/inclusivemap.ca\/fr\/les-membres-de-lequipe-map-ont-participe-au-congres-repar-les-23-et-24-mai-2024\/#primaryimage"},"image":{"@id":"https:\/\/inclusivemap.ca\/fr\/les-membres-de-lequipe-map-ont-participe-au-congres-repar-les-23-et-24-mai-2024\/#primaryimage"},"thumbnailUrl":"https:\/\/inclusivemap.ca\/wp-content\/uploads\/2024\/06\/new-1024x683.jpg","datePublished":"2024-06-19T22:24:53+00:00","dateModified":"2024-06-19T22:46:05+00:00","breadcrumb":{"@id":"https:\/\/inclusivemap.ca\/fr\/les-membres-de-lequipe-map-ont-participe-au-congres-repar-les-23-et-24-mai-2024\/#breadcrumb"},"inLanguage":"fr-FR","potentialAction":[{"@type":"ReadAction","target":["https:\/\/inclusivemap.ca\/fr\/les-membres-de-lequipe-map-ont-participe-au-congres-repar-les-23-et-24-mai-2024\/"]}]},{"@type":"ImageObject","inLanguage":"fr-FR","@id":"https:\/\/inclusivemap.ca\/fr\/les-membres-de-lequipe-map-ont-participe-au-congres-repar-les-23-et-24-mai-2024\/#primaryimage","url":"https:\/\/inclusivemap.ca\/wp-content\/uploads\/2024\/06\/new-1024x683.jpg","contentUrl":"https:\/\/inclusivemap.ca\/wp-content\/uploads\/2024\/06\/new-1024x683.jpg"},{"@type":"BreadcrumbList","@id":"https:\/\/inclusivemap.ca\/fr\/les-membres-de-lequipe-map-ont-participe-au-congres-repar-les-23-et-24-mai-2024\/#breadcrumb","itemListElement":[{"@type":"ListItem","position":1,"name":"Home","item":"https:\/\/inclusivemap.ca\/fr\/"},{"@type":"ListItem","position":2,"name":"Les membres de l&#8217;\u00e9quipe MAP ont particip\u00e9 au Congr\u00e8s REPAR les 23 et 24 mai 2024 !"}]},{"@type":"WebSite","@id":"https:\/\/inclusivemap.ca\/fr\/#website","url":"https:\/\/inclusivemap.ca\/fr\/","name":"Inclusivemap","description":"MAP \u2013 Mobility | Access | Participation","publisher":{"@id":"https:\/\/inclusivemap.ca\/fr\/#organization"},"potentialAction":[{"@type":"SearchAction","target":{"@type":"EntryPoint","urlTemplate":"https:\/\/inclusivemap.ca\/fr\/?s={search_term_string}"},"query-input":{"@type":"PropertyValueSpecification","valueRequired":true,"valueName":"search_term_string"}}],"inLanguage":"fr-FR"},{"@type":"Organization","@id":"https:\/\/inclusivemap.ca\/fr\/#organization","name":"Inclusivemap","url":"https:\/\/inclusivemap.ca\/fr\/","logo":{"@type":"ImageObject","inLanguage":"fr-FR","@id":"https:\/\/inclusivemap.ca\/fr\/#\/schema\/logo\/image\/","url":"https:\/\/inclusivemap.ca\/wp-content\/uploads\/2022\/07\/map_bigprint_lighterblue.png","contentUrl":"https:\/\/inclusivemap.ca\/wp-content\/uploads\/2022\/07\/map_bigprint_lighterblue.png","width":8348,"height":4563,"caption":"Inclusivemap"},"image":{"@id":"https:\/\/inclusivemap.ca\/fr\/#\/schema\/logo\/image\/"}}]}},"_links":{"self":[{"href":"https:\/\/inclusivemap.ca\/fr\/wp-json\/wp\/v2\/pages\/3559","targetHints":{"allow":["GET"]}}],"collection":[{"href":"https:\/\/inclusivemap.ca\/fr\/wp-json\/wp\/v2\/pages"}],"about":[{"href":"https:\/\/inclusivemap.ca\/fr\/wp-json\/wp\/v2\/types\/page"}],"author":[{"embeddable":true,"href":"https:\/\/inclusivemap.ca\/fr\/wp-json\/wp\/v2\/users\/6"}],"replies":[{"embeddable":true,"href":"https:\/\/inclusivemap.ca\/fr\/wp-json\/wp\/v2\/comments?post=3559"}],"version-history":[{"count":1,"href":"https:\/\/inclusivemap.ca\/fr\/wp-json\/wp\/v2\/pages\/3559\/revisions"}],"predecessor-version":[{"id":3560,"href":"https:\/\/inclusivemap.ca\/fr\/wp-json\/wp\/v2\/pages\/3559\/revisions\/3560"}],"wp:attachment":[{"href":"https:\/\/inclusivemap.ca\/fr\/wp-json\/wp\/v2\/media?parent=3559"}],"wp:term":[{"taxonomy":"publication_categories","embeddable":true,"href":"https:\/\/inclusivemap.ca\/fr\/wp-json\/wp\/v2\/publication_categories?post=3559"}],"curies":[{"name":"wp","href":"https:\/\/api.w.org\/{rel}","templated":true}]}}