{"id":4046,"date":"2024-07-19T22:20:03","date_gmt":"2024-07-19T22:20:03","guid":{"rendered":"https:\/\/inclusivemap.ca\/mise-a-jour-sur-les-aeroports-inclusifs\/"},"modified":"2025-03-24T23:43:30","modified_gmt":"2025-03-24T23:43:30","slug":"mise-a-jour-sur-les-aeroports-inclusifs","status":"publish","type":"page","link":"https:\/\/inclusivemap.ca\/fr\/mise-a-jour-sur-les-aeroports-inclusifs\/","title":{"rendered":"Mise \u00e0 jour sur les Inclusive Airports"},"content":{"rendered":"\n<figure class=\"wp-block-image alignwide size-full\"><img loading=\"lazy\" decoding=\"async\" width=\"816\" height=\"253\" src=\"https:\/\/inclusivemap.ca\/wp-content\/uploads\/2024\/07\/MAP-INFO-Newsletter.jpg\" alt=\"\" class=\"wp-image-3716\" srcset=\"https:\/\/inclusivemap.ca\/wp-content\/uploads\/2024\/07\/MAP-INFO-Newsletter.jpg 816w, https:\/\/inclusivemap.ca\/wp-content\/uploads\/2024\/07\/MAP-INFO-Newsletter-300x93.jpg 300w, https:\/\/inclusivemap.ca\/wp-content\/uploads\/2024\/07\/MAP-INFO-Newsletter-768x238.jpg 768w, https:\/\/inclusivemap.ca\/wp-content\/uploads\/2024\/07\/MAP-INFO-Newsletter-400x124.jpg 400w\" sizes=\"auto, (max-width: 816px) 100vw, 816px\" \/><\/figure>\n\n\n\n<h2 class=\"wp-block-heading\">F\u00e9vrier 2025<\/h2>\n\n\n\n<ul class=\"wp-block-list\">\n<li>La collecte de donn\u00e9es dans les trois a\u00e9roports cibl\u00e9s a \u00e9t\u00e9 compl\u00e9t\u00e9es. Les donn\u00e9es collect\u00e9es sont en cours d&rsquo;analyse, en pr\u00e9vision des \u00e9tapes suivantes de co-conception.<\/li>\n\n\n\n<li>Ahmed Hadj Hassen con\u00e7ois et planifie les sessions qui seront utilis\u00e9es pour formuler et valider les solutions d&rsquo;inclusion.<\/li>\n\n\n\n<li>Le projet a\u00e9roport \u00e0 \u00e9t\u00e9 choisi pour faire l&rsquo;objet d&rsquo;un symposium lors du 18e congr\u00e8s mondial sur le loisir qui aura lieu du 25 au 28 ao\u00fbt 2025 \u00e0 Br\u00e9da, Pays-Bas.<\/li>\n<\/ul>\n\n\n\n<h2 class=\"wp-block-heading\">Novembre 2024<\/h2>\n\n\n\n<ul class=\"wp-block-list\">\n<li>Sur les trois a\u00e9roports cibl\u00e9s, nous avons termin\u00e9 la collecte de donn\u00e9es dans deux a\u00e9roports. La collecte de donn\u00e9e pour le dernier a\u00e9roport est en cours. Les sessions de co-conception qui suivront sont en cours de pr\u00e9paration.  <\/li>\n<\/ul>\n\n\n\n<h2 class=\"wp-block-heading\">F\u00e9vrier 2024<\/h2>\n\n\n\n<ul class=\"wp-block-list\">\n<li>La premi\u00e8re \u00e9tape exploratoire (examen du champ d&rsquo;application) est en phase finale de publication. Sur les trois a\u00e9roports cibl\u00e9s pour la collecte de donn\u00e9es, nous avons r\u00e9cemment achev\u00e9 la collecte de donn\u00e9es au plus petit a\u00e9roport des trois. Nous pr\u00e9parons maintenant la prochaine \u00e9tape : la collecte de donn\u00e9es \u00e0 l\u2019a\u00e9roport situ\u00e9 au milieu en terme de grosseur, qui d\u00e9butera \u00e0 la fin du mois d\u2019avril, et au plus gros a\u00e9roport en novembre.<\/li>\n<\/ul>\n","protected":false},"excerpt":{"rendered":"<p>F\u00e9vrier 2025 Novembre 2024 F\u00e9vrier 2024<\/p>\n","protected":false},"author":6,"featured_media":0,"parent":0,"menu_order":0,"comment_status":"closed","ping_status":"closed","template":"","meta":{"_acf_changed":false,"inline_featured_image":false,"footnotes":""},"publication_categories":[],"class_list":["post-4046","page","type-page","status-publish","hentry","entry"],"acf":[],"yoast_head":"<!-- This site is optimized with the Yoast SEO plugin v26.9 - https:\/\/yoast.com\/product\/yoast-seo-wordpress\/ -->\n<title>Mise \u00e0 jour sur les Inclusive Airports - Inclusivemap<\/title>\n<meta name=\"robots\" content=\"index, follow, max-snippet:-1, max-image-preview:large, max-video-preview:-1\" \/>\n<link rel=\"canonical\" href=\"https:\/\/inclusivemap.ca\/fr\/mise-a-jour-sur-les-aeroports-inclusifs\/\" \/>\n<meta property=\"og:locale\" content=\"fr_FR\" \/>\n<meta property=\"og:type\" content=\"article\" \/>\n<meta property=\"og:title\" content=\"Mise \u00e0 jour sur les Inclusive Airports - Inclusivemap\" \/>\n<meta property=\"og:description\" content=\"F\u00e9vrier 2025 Novembre 2024 F\u00e9vrier 2024\" \/>\n<meta property=\"og:url\" content=\"https:\/\/inclusivemap.ca\/fr\/mise-a-jour-sur-les-aeroports-inclusifs\/\" \/>\n<meta property=\"og:site_name\" content=\"Inclusivemap\" \/>\n<meta property=\"article:modified_time\" content=\"2025-03-24T23:43:30+00:00\" \/>\n<meta property=\"og:image\" content=\"https:\/\/inclusivemap.ca\/wp-content\/uploads\/2024\/07\/MAP-INFO-Newsletter.jpg\" \/>\n\t<meta property=\"og:image:width\" content=\"816\" \/>\n\t<meta property=\"og:image:height\" content=\"253\" \/>\n\t<meta property=\"og:image:type\" content=\"image\/jpeg\" \/>\n<meta name=\"twitter:card\" content=\"summary_large_image\" \/>\n<meta name=\"twitter:label1\" content=\"Dur\u00e9e de lecture estim\u00e9e\" \/>\n\t<meta name=\"twitter:data1\" content=\"2 minutes\" \/>\n<script type=\"application\/ld+json\" class=\"yoast-schema-graph\">{\"@context\":\"https:\/\/schema.org\",\"@graph\":[{\"@type\":\"WebPage\",\"@id\":\"https:\/\/inclusivemap.ca\/fr\/mise-a-jour-sur-les-aeroports-inclusifs\/\",\"url\":\"https:\/\/inclusivemap.ca\/fr\/mise-a-jour-sur-les-aeroports-inclusifs\/\",\"name\":\"Mise \u00e0 jour sur les Inclusive Airports - Inclusivemap\",\"isPartOf\":{\"@id\":\"https:\/\/inclusivemap.ca\/fr\/#website\"},\"primaryImageOfPage\":{\"@id\":\"https:\/\/inclusivemap.ca\/fr\/mise-a-jour-sur-les-aeroports-inclusifs\/#primaryimage\"},\"image\":{\"@id\":\"https:\/\/inclusivemap.ca\/fr\/mise-a-jour-sur-les-aeroports-inclusifs\/#primaryimage\"},\"thumbnailUrl\":\"https:\/\/inclusivemap.ca\/wp-content\/uploads\/2024\/07\/MAP-INFO-Newsletter.jpg\",\"datePublished\":\"2024-07-19T22:20:03+00:00\",\"dateModified\":\"2025-03-24T23:43:30+00:00\",\"breadcrumb\":{\"@id\":\"https:\/\/inclusivemap.ca\/fr\/mise-a-jour-sur-les-aeroports-inclusifs\/#breadcrumb\"},\"inLanguage\":\"fr-FR\",\"potentialAction\":[{\"@type\":\"ReadAction\",\"target\":[\"https:\/\/inclusivemap.ca\/fr\/mise-a-jour-sur-les-aeroports-inclusifs\/\"]}]},{\"@type\":\"ImageObject\",\"inLanguage\":\"fr-FR\",\"@id\":\"https:\/\/inclusivemap.ca\/fr\/mise-a-jour-sur-les-aeroports-inclusifs\/#primaryimage\",\"url\":\"https:\/\/inclusivemap.ca\/wp-content\/uploads\/2024\/07\/MAP-INFO-Newsletter.jpg\",\"contentUrl\":\"https:\/\/inclusivemap.ca\/wp-content\/uploads\/2024\/07\/MAP-INFO-Newsletter.jpg\"},{\"@type\":\"BreadcrumbList\",\"@id\":\"https:\/\/inclusivemap.ca\/fr\/mise-a-jour-sur-les-aeroports-inclusifs\/#breadcrumb\",\"itemListElement\":[{\"@type\":\"ListItem\",\"position\":1,\"name\":\"Home\",\"item\":\"https:\/\/inclusivemap.ca\/fr\/\"},{\"@type\":\"ListItem\",\"position\":2,\"name\":\"Mise \u00e0 jour sur les Inclusive Airports\"}]},{\"@type\":\"WebSite\",\"@id\":\"https:\/\/inclusivemap.ca\/fr\/#website\",\"url\":\"https:\/\/inclusivemap.ca\/fr\/\",\"name\":\"Inclusivemap\",\"description\":\"MAP \u2013 Mobility | Access | Participation\",\"publisher\":{\"@id\":\"https:\/\/inclusivemap.ca\/fr\/#organization\"},\"potentialAction\":[{\"@type\":\"SearchAction\",\"target\":{\"@type\":\"EntryPoint\",\"urlTemplate\":\"https:\/\/inclusivemap.ca\/fr\/?s={search_term_string}\"},\"query-input\":{\"@type\":\"PropertyValueSpecification\",\"valueRequired\":true,\"valueName\":\"search_term_string\"}}],\"inLanguage\":\"fr-FR\"},{\"@type\":\"Organization\",\"@id\":\"https:\/\/inclusivemap.ca\/fr\/#organization\",\"name\":\"Inclusivemap\",\"url\":\"https:\/\/inclusivemap.ca\/fr\/\",\"logo\":{\"@type\":\"ImageObject\",\"inLanguage\":\"fr-FR\",\"@id\":\"https:\/\/inclusivemap.ca\/fr\/#\/schema\/logo\/image\/\",\"url\":\"https:\/\/inclusivemap.ca\/wp-content\/uploads\/2022\/07\/map_bigprint_lighterblue.png\",\"contentUrl\":\"https:\/\/inclusivemap.ca\/wp-content\/uploads\/2022\/07\/map_bigprint_lighterblue.png\",\"width\":8348,\"height\":4563,\"caption\":\"Inclusivemap\"},\"image\":{\"@id\":\"https:\/\/inclusivemap.ca\/fr\/#\/schema\/logo\/image\/\"}}]}<\/script>\n<!-- \/ Yoast SEO plugin. -->","yoast_head_json":{"title":"Mise \u00e0 jour sur les Inclusive Airports - Inclusivemap","robots":{"index":"index","follow":"follow","max-snippet":"max-snippet:-1","max-image-preview":"max-image-preview:large","max-video-preview":"max-video-preview:-1"},"canonical":"https:\/\/inclusivemap.ca\/fr\/mise-a-jour-sur-les-aeroports-inclusifs\/","og_locale":"fr_FR","og_type":"article","og_title":"Mise \u00e0 jour sur les Inclusive Airports - Inclusivemap","og_description":"F\u00e9vrier 2025 Novembre 2024 F\u00e9vrier 2024","og_url":"https:\/\/inclusivemap.ca\/fr\/mise-a-jour-sur-les-aeroports-inclusifs\/","og_site_name":"Inclusivemap","article_modified_time":"2025-03-24T23:43:30+00:00","og_image":[{"width":816,"height":253,"url":"https:\/\/inclusivemap.ca\/wp-content\/uploads\/2024\/07\/MAP-INFO-Newsletter.jpg","type":"image\/jpeg"}],"twitter_card":"summary_large_image","twitter_misc":{"Dur\u00e9e de lecture estim\u00e9e":"2 minutes"},"schema":{"@context":"https:\/\/schema.org","@graph":[{"@type":"WebPage","@id":"https:\/\/inclusivemap.ca\/fr\/mise-a-jour-sur-les-aeroports-inclusifs\/","url":"https:\/\/inclusivemap.ca\/fr\/mise-a-jour-sur-les-aeroports-inclusifs\/","name":"Mise \u00e0 jour sur les Inclusive Airports - Inclusivemap","isPartOf":{"@id":"https:\/\/inclusivemap.ca\/fr\/#website"},"primaryImageOfPage":{"@id":"https:\/\/inclusivemap.ca\/fr\/mise-a-jour-sur-les-aeroports-inclusifs\/#primaryimage"},"image":{"@id":"https:\/\/inclusivemap.ca\/fr\/mise-a-jour-sur-les-aeroports-inclusifs\/#primaryimage"},"thumbnailUrl":"https:\/\/inclusivemap.ca\/wp-content\/uploads\/2024\/07\/MAP-INFO-Newsletter.jpg","datePublished":"2024-07-19T22:20:03+00:00","dateModified":"2025-03-24T23:43:30+00:00","breadcrumb":{"@id":"https:\/\/inclusivemap.ca\/fr\/mise-a-jour-sur-les-aeroports-inclusifs\/#breadcrumb"},"inLanguage":"fr-FR","potentialAction":[{"@type":"ReadAction","target":["https:\/\/inclusivemap.ca\/fr\/mise-a-jour-sur-les-aeroports-inclusifs\/"]}]},{"@type":"ImageObject","inLanguage":"fr-FR","@id":"https:\/\/inclusivemap.ca\/fr\/mise-a-jour-sur-les-aeroports-inclusifs\/#primaryimage","url":"https:\/\/inclusivemap.ca\/wp-content\/uploads\/2024\/07\/MAP-INFO-Newsletter.jpg","contentUrl":"https:\/\/inclusivemap.ca\/wp-content\/uploads\/2024\/07\/MAP-INFO-Newsletter.jpg"},{"@type":"BreadcrumbList","@id":"https:\/\/inclusivemap.ca\/fr\/mise-a-jour-sur-les-aeroports-inclusifs\/#breadcrumb","itemListElement":[{"@type":"ListItem","position":1,"name":"Home","item":"https:\/\/inclusivemap.ca\/fr\/"},{"@type":"ListItem","position":2,"name":"Mise \u00e0 jour sur les Inclusive Airports"}]},{"@type":"WebSite","@id":"https:\/\/inclusivemap.ca\/fr\/#website","url":"https:\/\/inclusivemap.ca\/fr\/","name":"Inclusivemap","description":"MAP \u2013 Mobility | Access | Participation","publisher":{"@id":"https:\/\/inclusivemap.ca\/fr\/#organization"},"potentialAction":[{"@type":"SearchAction","target":{"@type":"EntryPoint","urlTemplate":"https:\/\/inclusivemap.ca\/fr\/?s={search_term_string}"},"query-input":{"@type":"PropertyValueSpecification","valueRequired":true,"valueName":"search_term_string"}}],"inLanguage":"fr-FR"},{"@type":"Organization","@id":"https:\/\/inclusivemap.ca\/fr\/#organization","name":"Inclusivemap","url":"https:\/\/inclusivemap.ca\/fr\/","logo":{"@type":"ImageObject","inLanguage":"fr-FR","@id":"https:\/\/inclusivemap.ca\/fr\/#\/schema\/logo\/image\/","url":"https:\/\/inclusivemap.ca\/wp-content\/uploads\/2022\/07\/map_bigprint_lighterblue.png","contentUrl":"https:\/\/inclusivemap.ca\/wp-content\/uploads\/2022\/07\/map_bigprint_lighterblue.png","width":8348,"height":4563,"caption":"Inclusivemap"},"image":{"@id":"https:\/\/inclusivemap.ca\/fr\/#\/schema\/logo\/image\/"}}]}},"_links":{"self":[{"href":"https:\/\/inclusivemap.ca\/fr\/wp-json\/wp\/v2\/pages\/4046","targetHints":{"allow":["GET"]}}],"collection":[{"href":"https:\/\/inclusivemap.ca\/fr\/wp-json\/wp\/v2\/pages"}],"about":[{"href":"https:\/\/inclusivemap.ca\/fr\/wp-json\/wp\/v2\/types\/page"}],"author":[{"embeddable":true,"href":"https:\/\/inclusivemap.ca\/fr\/wp-json\/wp\/v2\/users\/6"}],"replies":[{"embeddable":true,"href":"https:\/\/inclusivemap.ca\/fr\/wp-json\/wp\/v2\/comments?post=4046"}],"version-history":[{"count":7,"href":"https:\/\/inclusivemap.ca\/fr\/wp-json\/wp\/v2\/pages\/4046\/revisions"}],"predecessor-version":[{"id":5212,"href":"https:\/\/inclusivemap.ca\/fr\/wp-json\/wp\/v2\/pages\/4046\/revisions\/5212"}],"wp:attachment":[{"href":"https:\/\/inclusivemap.ca\/fr\/wp-json\/wp\/v2\/media?parent=4046"}],"wp:term":[{"taxonomy":"publication_categories","embeddable":true,"href":"https:\/\/inclusivemap.ca\/fr\/wp-json\/wp\/v2\/publication_categories?post=4046"}],"curies":[{"name":"wp","href":"https:\/\/api.w.org\/{rel}","templated":true}]}}