{"id":4085,"date":"2024-03-14T20:08:04","date_gmt":"2024-03-14T20:08:04","guid":{"rendered":"https:\/\/inclusivemap.ca\/resources\/etude-exploratoire-sur-ladaptation-des-services-en-ligne-offerts-aux-personnes-handicapees-dans-le-contexte-de-la-pandemie-de-covid-19\/"},"modified":"2024-11-21T00:31:30","modified_gmt":"2024-11-21T00:31:30","slug":"etude-exploratoire-sur-ladaptation-des-services-en-ligne-offerts-aux-personnes-handicapees-dans-le-contexte-de-la-pandemie-de-covid-19","status":"publish","type":"resources","link":"https:\/\/inclusivemap.ca\/fr\/ressources\/etude-exploratoire-sur-ladaptation-des-services-en-ligne-offerts-aux-personnes-handicapees-dans-le-contexte-de-la-pandemie-de-covid-19\/","title":{"rendered":"\u00c9tude exploratoire sur l&rsquo;adaptation des services en ligne offerts aux personnes avec des incapacit\u00e9s , dans le contexte de la pand\u00e9mie de COVID-19"},"excerpt":{"rendered":"<p>https:\/\/www.tandfonline.com\/eprint\/QBDCNXEV9MNDSKWRGAEZ\/full?target=10.1080\/17483107.2024.2326593<\/p>\n","protected":false},"featured_media":2905,"template":"","meta":{"_acf_changed":false,"inline_featured_image":false},"resource_type":[65],"class_list":["post-4085","resources","type-resources","status-publish","has-post-thumbnail","hentry","entry"],"acf":[],"yoast_head":"<!-- This site is optimized with the Yoast SEO plugin v26.9 - https:\/\/yoast.com\/product\/yoast-seo-wordpress\/ -->\n<title>\u00c9tude exploratoire sur l&#039;adaptation des services en ligne offerts aux personnes avec des incapacit\u00e9s , dans le contexte de la pand\u00e9mie de COVID-19 - Inclusivemap<\/title>\n<meta name=\"robots\" content=\"index, follow, max-snippet:-1, max-image-preview:large, max-video-preview:-1\" \/>\n<link rel=\"canonical\" href=\"https:\/\/inclusivemap.ca\/fr\/ressources\/etude-exploratoire-sur-ladaptation-des-services-en-ligne-offerts-aux-personnes-handicapees-dans-le-contexte-de-la-pandemie-de-covid-19\/\" \/>\n<meta property=\"og:locale\" content=\"fr_FR\" \/>\n<meta property=\"og:type\" content=\"article\" \/>\n<meta property=\"og:title\" content=\"\u00c9tude exploratoire sur l&#039;adaptation des services en ligne offerts aux personnes avec des incapacit\u00e9s , dans le contexte de la pand\u00e9mie de COVID-19 - Inclusivemap\" \/>\n<meta property=\"og:description\" content=\"https:\/\/www.tandfonline.com\/eprint\/QBDCNXEV9MNDSKWRGAEZ\/full?target=10.1080\/17483107.2024.2326593\" \/>\n<meta property=\"og:url\" content=\"https:\/\/inclusivemap.ca\/fr\/ressources\/etude-exploratoire-sur-ladaptation-des-services-en-ligne-offerts-aux-personnes-handicapees-dans-le-contexte-de-la-pandemie-de-covid-19\/\" \/>\n<meta property=\"og:site_name\" content=\"Inclusivemap\" \/>\n<meta property=\"article:modified_time\" content=\"2024-11-21T00:31:30+00:00\" \/>\n<meta property=\"og:image\" content=\"https:\/\/inclusivemap.ca\/wp-content\/uploads\/2023\/07\/RS11183_-scaled-e1706572076523.jpg\" \/>\n\t<meta property=\"og:image:width\" content=\"2560\" \/>\n\t<meta property=\"og:image:height\" content=\"1707\" \/>\n\t<meta property=\"og:image:type\" content=\"image\/jpeg\" \/>\n<meta name=\"twitter:card\" content=\"summary_large_image\" \/>\n<meta name=\"twitter:label1\" content=\"Dur\u00e9e de lecture estim\u00e9e\" \/>\n\t<meta name=\"twitter:data1\" content=\"1 minute\" \/>\n<script type=\"application\/ld+json\" class=\"yoast-schema-graph\">{\"@context\":\"https:\/\/schema.org\",\"@graph\":[{\"@type\":\"WebPage\",\"@id\":\"https:\/\/inclusivemap.ca\/fr\/ressources\/etude-exploratoire-sur-ladaptation-des-services-en-ligne-offerts-aux-personnes-handicapees-dans-le-contexte-de-la-pandemie-de-covid-19\/\",\"url\":\"https:\/\/inclusivemap.ca\/fr\/ressources\/etude-exploratoire-sur-ladaptation-des-services-en-ligne-offerts-aux-personnes-handicapees-dans-le-contexte-de-la-pandemie-de-covid-19\/\",\"name\":\"\u00c9tude exploratoire sur l'adaptation des services en ligne offerts aux personnes avec des incapacit\u00e9s , dans le contexte de la pand\u00e9mie de COVID-19 - Inclusivemap\",\"isPartOf\":{\"@id\":\"https:\/\/inclusivemap.ca\/fr\/#website\"},\"primaryImageOfPage\":{\"@id\":\"https:\/\/inclusivemap.ca\/fr\/ressources\/etude-exploratoire-sur-ladaptation-des-services-en-ligne-offerts-aux-personnes-handicapees-dans-le-contexte-de-la-pandemie-de-covid-19\/#primaryimage\"},\"image\":{\"@id\":\"https:\/\/inclusivemap.ca\/fr\/ressources\/etude-exploratoire-sur-ladaptation-des-services-en-ligne-offerts-aux-personnes-handicapees-dans-le-contexte-de-la-pandemie-de-covid-19\/#primaryimage\"},\"thumbnailUrl\":\"https:\/\/inclusivemap.ca\/wp-content\/uploads\/2023\/07\/RS11183_-scaled-e1706572076523.jpg\",\"datePublished\":\"2024-03-14T20:08:04+00:00\",\"dateModified\":\"2024-11-21T00:31:30+00:00\",\"breadcrumb\":{\"@id\":\"https:\/\/inclusivemap.ca\/fr\/ressources\/etude-exploratoire-sur-ladaptation-des-services-en-ligne-offerts-aux-personnes-handicapees-dans-le-contexte-de-la-pandemie-de-covid-19\/#breadcrumb\"},\"inLanguage\":\"fr-FR\",\"potentialAction\":[{\"@type\":\"ReadAction\",\"target\":[\"https:\/\/inclusivemap.ca\/fr\/ressources\/etude-exploratoire-sur-ladaptation-des-services-en-ligne-offerts-aux-personnes-handicapees-dans-le-contexte-de-la-pandemie-de-covid-19\/\"]}]},{\"@type\":\"ImageObject\",\"inLanguage\":\"fr-FR\",\"@id\":\"https:\/\/inclusivemap.ca\/fr\/ressources\/etude-exploratoire-sur-ladaptation-des-services-en-ligne-offerts-aux-personnes-handicapees-dans-le-contexte-de-la-pandemie-de-covid-19\/#primaryimage\",\"url\":\"https:\/\/inclusivemap.ca\/wp-content\/uploads\/2023\/07\/RS11183_-scaled-e1706572076523.jpg\",\"contentUrl\":\"https:\/\/inclusivemap.ca\/wp-content\/uploads\/2023\/07\/RS11183_-scaled-e1706572076523.jpg\",\"width\":2560,\"height\":1707,\"caption\":\"Age Positive Image Library\"},{\"@type\":\"BreadcrumbList\",\"@id\":\"https:\/\/inclusivemap.ca\/fr\/ressources\/etude-exploratoire-sur-ladaptation-des-services-en-ligne-offerts-aux-personnes-handicapees-dans-le-contexte-de-la-pandemie-de-covid-19\/#breadcrumb\",\"itemListElement\":[{\"@type\":\"ListItem\",\"position\":1,\"name\":\"Home\",\"item\":\"https:\/\/inclusivemap.ca\/fr\/\"},{\"@type\":\"ListItem\",\"position\":2,\"name\":\"Ressources\",\"item\":\"https:\/\/inclusivemap.ca\/fr\/ressources\/\"},{\"@type\":\"ListItem\",\"position\":3,\"name\":\"\u00c9tude exploratoire sur l&#8217;adaptation des services en ligne offerts aux personnes avec des incapacit\u00e9s , dans le contexte de la pand\u00e9mie de COVID-19\"}]},{\"@type\":\"WebSite\",\"@id\":\"https:\/\/inclusivemap.ca\/fr\/#website\",\"url\":\"https:\/\/inclusivemap.ca\/fr\/\",\"name\":\"Inclusivemap\",\"description\":\"MAP \u2013 Mobility | Access | Participation\",\"publisher\":{\"@id\":\"https:\/\/inclusivemap.ca\/fr\/#organization\"},\"potentialAction\":[{\"@type\":\"SearchAction\",\"target\":{\"@type\":\"EntryPoint\",\"urlTemplate\":\"https:\/\/inclusivemap.ca\/fr\/?s={search_term_string}\"},\"query-input\":{\"@type\":\"PropertyValueSpecification\",\"valueRequired\":true,\"valueName\":\"search_term_string\"}}],\"inLanguage\":\"fr-FR\"},{\"@type\":\"Organization\",\"@id\":\"https:\/\/inclusivemap.ca\/fr\/#organization\",\"name\":\"Inclusivemap\",\"url\":\"https:\/\/inclusivemap.ca\/fr\/\",\"logo\":{\"@type\":\"ImageObject\",\"inLanguage\":\"fr-FR\",\"@id\":\"https:\/\/inclusivemap.ca\/fr\/#\/schema\/logo\/image\/\",\"url\":\"https:\/\/inclusivemap.ca\/wp-content\/uploads\/2022\/07\/map_bigprint_lighterblue.png\",\"contentUrl\":\"https:\/\/inclusivemap.ca\/wp-content\/uploads\/2022\/07\/map_bigprint_lighterblue.png\",\"width\":8348,\"height\":4563,\"caption\":\"Inclusivemap\"},\"image\":{\"@id\":\"https:\/\/inclusivemap.ca\/fr\/#\/schema\/logo\/image\/\"}}]}<\/script>\n<!-- \/ Yoast SEO plugin. -->","yoast_head_json":{"title":"\u00c9tude exploratoire sur l'adaptation des services en ligne offerts aux personnes avec des incapacit\u00e9s , dans le contexte de la pand\u00e9mie de COVID-19 - Inclusivemap","robots":{"index":"index","follow":"follow","max-snippet":"max-snippet:-1","max-image-preview":"max-image-preview:large","max-video-preview":"max-video-preview:-1"},"canonical":"https:\/\/inclusivemap.ca\/fr\/ressources\/etude-exploratoire-sur-ladaptation-des-services-en-ligne-offerts-aux-personnes-handicapees-dans-le-contexte-de-la-pandemie-de-covid-19\/","og_locale":"fr_FR","og_type":"article","og_title":"\u00c9tude exploratoire sur l'adaptation des services en ligne offerts aux personnes avec des incapacit\u00e9s , dans le contexte de la pand\u00e9mie de COVID-19 - Inclusivemap","og_description":"https:\/\/www.tandfonline.com\/eprint\/QBDCNXEV9MNDSKWRGAEZ\/full?target=10.1080\/17483107.2024.2326593","og_url":"https:\/\/inclusivemap.ca\/fr\/ressources\/etude-exploratoire-sur-ladaptation-des-services-en-ligne-offerts-aux-personnes-handicapees-dans-le-contexte-de-la-pandemie-de-covid-19\/","og_site_name":"Inclusivemap","article_modified_time":"2024-11-21T00:31:30+00:00","og_image":[{"width":2560,"height":1707,"url":"https:\/\/inclusivemap.ca\/wp-content\/uploads\/2023\/07\/RS11183_-scaled-e1706572076523.jpg","type":"image\/jpeg"}],"twitter_card":"summary_large_image","twitter_misc":{"Dur\u00e9e de lecture estim\u00e9e":"1 minute"},"schema":{"@context":"https:\/\/schema.org","@graph":[{"@type":"WebPage","@id":"https:\/\/inclusivemap.ca\/fr\/ressources\/etude-exploratoire-sur-ladaptation-des-services-en-ligne-offerts-aux-personnes-handicapees-dans-le-contexte-de-la-pandemie-de-covid-19\/","url":"https:\/\/inclusivemap.ca\/fr\/ressources\/etude-exploratoire-sur-ladaptation-des-services-en-ligne-offerts-aux-personnes-handicapees-dans-le-contexte-de-la-pandemie-de-covid-19\/","name":"\u00c9tude exploratoire sur l'adaptation des services en ligne offerts aux personnes avec des incapacit\u00e9s , dans le contexte de la pand\u00e9mie de COVID-19 - Inclusivemap","isPartOf":{"@id":"https:\/\/inclusivemap.ca\/fr\/#website"},"primaryImageOfPage":{"@id":"https:\/\/inclusivemap.ca\/fr\/ressources\/etude-exploratoire-sur-ladaptation-des-services-en-ligne-offerts-aux-personnes-handicapees-dans-le-contexte-de-la-pandemie-de-covid-19\/#primaryimage"},"image":{"@id":"https:\/\/inclusivemap.ca\/fr\/ressources\/etude-exploratoire-sur-ladaptation-des-services-en-ligne-offerts-aux-personnes-handicapees-dans-le-contexte-de-la-pandemie-de-covid-19\/#primaryimage"},"thumbnailUrl":"https:\/\/inclusivemap.ca\/wp-content\/uploads\/2023\/07\/RS11183_-scaled-e1706572076523.jpg","datePublished":"2024-03-14T20:08:04+00:00","dateModified":"2024-11-21T00:31:30+00:00","breadcrumb":{"@id":"https:\/\/inclusivemap.ca\/fr\/ressources\/etude-exploratoire-sur-ladaptation-des-services-en-ligne-offerts-aux-personnes-handicapees-dans-le-contexte-de-la-pandemie-de-covid-19\/#breadcrumb"},"inLanguage":"fr-FR","potentialAction":[{"@type":"ReadAction","target":["https:\/\/inclusivemap.ca\/fr\/ressources\/etude-exploratoire-sur-ladaptation-des-services-en-ligne-offerts-aux-personnes-handicapees-dans-le-contexte-de-la-pandemie-de-covid-19\/"]}]},{"@type":"ImageObject","inLanguage":"fr-FR","@id":"https:\/\/inclusivemap.ca\/fr\/ressources\/etude-exploratoire-sur-ladaptation-des-services-en-ligne-offerts-aux-personnes-handicapees-dans-le-contexte-de-la-pandemie-de-covid-19\/#primaryimage","url":"https:\/\/inclusivemap.ca\/wp-content\/uploads\/2023\/07\/RS11183_-scaled-e1706572076523.jpg","contentUrl":"https:\/\/inclusivemap.ca\/wp-content\/uploads\/2023\/07\/RS11183_-scaled-e1706572076523.jpg","width":2560,"height":1707,"caption":"Age Positive Image Library"},{"@type":"BreadcrumbList","@id":"https:\/\/inclusivemap.ca\/fr\/ressources\/etude-exploratoire-sur-ladaptation-des-services-en-ligne-offerts-aux-personnes-handicapees-dans-le-contexte-de-la-pandemie-de-covid-19\/#breadcrumb","itemListElement":[{"@type":"ListItem","position":1,"name":"Home","item":"https:\/\/inclusivemap.ca\/fr\/"},{"@type":"ListItem","position":2,"name":"Ressources","item":"https:\/\/inclusivemap.ca\/fr\/ressources\/"},{"@type":"ListItem","position":3,"name":"\u00c9tude exploratoire sur l&#8217;adaptation des services en ligne offerts aux personnes avec des incapacit\u00e9s , dans le contexte de la pand\u00e9mie de COVID-19"}]},{"@type":"WebSite","@id":"https:\/\/inclusivemap.ca\/fr\/#website","url":"https:\/\/inclusivemap.ca\/fr\/","name":"Inclusivemap","description":"MAP \u2013 Mobility | Access | Participation","publisher":{"@id":"https:\/\/inclusivemap.ca\/fr\/#organization"},"potentialAction":[{"@type":"SearchAction","target":{"@type":"EntryPoint","urlTemplate":"https:\/\/inclusivemap.ca\/fr\/?s={search_term_string}"},"query-input":{"@type":"PropertyValueSpecification","valueRequired":true,"valueName":"search_term_string"}}],"inLanguage":"fr-FR"},{"@type":"Organization","@id":"https:\/\/inclusivemap.ca\/fr\/#organization","name":"Inclusivemap","url":"https:\/\/inclusivemap.ca\/fr\/","logo":{"@type":"ImageObject","inLanguage":"fr-FR","@id":"https:\/\/inclusivemap.ca\/fr\/#\/schema\/logo\/image\/","url":"https:\/\/inclusivemap.ca\/wp-content\/uploads\/2022\/07\/map_bigprint_lighterblue.png","contentUrl":"https:\/\/inclusivemap.ca\/wp-content\/uploads\/2022\/07\/map_bigprint_lighterblue.png","width":8348,"height":4563,"caption":"Inclusivemap"},"image":{"@id":"https:\/\/inclusivemap.ca\/fr\/#\/schema\/logo\/image\/"}}]}},"_links":{"self":[{"href":"https:\/\/inclusivemap.ca\/fr\/wp-json\/wp\/v2\/resources\/4085","targetHints":{"allow":["GET"]}}],"collection":[{"href":"https:\/\/inclusivemap.ca\/fr\/wp-json\/wp\/v2\/resources"}],"about":[{"href":"https:\/\/inclusivemap.ca\/fr\/wp-json\/wp\/v2\/types\/resources"}],"version-history":[{"count":1,"href":"https:\/\/inclusivemap.ca\/fr\/wp-json\/wp\/v2\/resources\/4085\/revisions"}],"predecessor-version":[{"id":4710,"href":"https:\/\/inclusivemap.ca\/fr\/wp-json\/wp\/v2\/resources\/4085\/revisions\/4710"}],"wp:featuredmedia":[{"embeddable":true,"href":"https:\/\/inclusivemap.ca\/fr\/wp-json\/wp\/v2\/media\/2905"}],"wp:attachment":[{"href":"https:\/\/inclusivemap.ca\/fr\/wp-json\/wp\/v2\/media?parent=4085"}],"wp:term":[{"taxonomy":"resource_type","embeddable":true,"href":"https:\/\/inclusivemap.ca\/fr\/wp-json\/wp\/v2\/resource_type?post=4085"}],"curies":[{"name":"wp","href":"https:\/\/api.w.org\/{rel}","templated":true}]}}